{"id":728,"date":"2023-10-25T09:52:15","date_gmt":"2023-10-25T08:52:15","guid":{"rendered":"https:\/\/www.naturacommunities.ie\/acmhainni-pobail\/deiseanna-oiliuna\/"},"modified":"2025-01-09T14:33:50","modified_gmt":"2025-01-09T14:33:50","slug":"deiseanna-oiliuna","status":"publish","type":"page","link":"https:\/\/www.naturacommunities.ie\/ga\/acmhainni-pobail\/deiseanna-oiliuna\/","title":{"rendered":"Deiseanna Oili\u00fana"},"content":{"rendered":"\n<p>Teasta\u00edonn gn\u00edomha\u00edochta\u00ed caomhnaithe agus athch\u00f3irithe an d\u00falra pearsanra le raon \u00e9ags\u00fail eolais agus scileanna chun riachtanais \u00e9ags\u00fala na gc\u00e9imeanna tionscadail a chomhl\u00edonadh, \u00f3 fhorbairt tosaigh smaointe go dt\u00ed na hoibreacha praitici\u00fala ar an talamh.<\/p>\n\n<p>Chun cusp\u00f3ir\u00ed caomhnaithe an d\u00falra a sheachadadh go h\u00e9ifeachtach, teasta\u00edonn measc\u00e1n scileanna agus taith\u00ed \u00f3 dhaoine aonair agus foirne. Teasta\u00edonn athch\u00f3iri\u00fa bratphortach eolas agus saineolas san \u00e9iceola\u00edocht, luibheola\u00edocht, hidreola\u00edocht, teicn\u00edc\u00ed athch\u00f3irithe, bainist\u00edocht tal\u00fan phraitici\u00fail, rial\u00fa speiceas ionrach, taighde (monat\u00f3ireacht, baili\u00fa sonra\u00ed, anail\u00eds agus scr\u00edbhneoireacht tuarasc\u00e1lacha), map\u00e1il (scileanna GIS), iarratais ar dheontais, riaradh cist\u00ed, rannph\u00e1irt\u00edocht pobail agus t\u00f3g\u00e1il comhph\u00e1irt\u00edochta (cumars\u00e1id agus oideachas), bainist\u00edocht tionscadail (oiri\u00fanaitheach agus inbhuanaithe), agus pr\u00f3tacail sl\u00e1inte agus s\u00e1bh\u00e1ilteachta.<\/p>\n\n<p>In \u00c9irinn, t\u00e1 easpa sainch\u00farsa\u00ed oili\u00fana agus deimhnithe at\u00e1 d\u00edrithe go sonrach ar athch\u00f3iri\u00fa an d\u00falra agus ar oibreacha gaolmhara. Mar sin f\u00e9in, t\u00e1 deiseanna ann eolas, deimhni\u00fa agus c\u00e1il\u00edochta\u00ed a fh\u00e1il sna discipl\u00edn\u00ed \u00e9ags\u00fala at\u00e1 liostaithe thuas.<\/p>\n\n<p>Anseo th\u00edos t\u00e1 rogha de dheiseanna oili\u00fana pearsanta agus ar l\u00edne, a bhf\u00e9adfadh sp\u00e9is a bheith iontu. N\u00ed liosta uileghabh\u00e1lach \u00e9 seo ar chor ar bith. T\u00e9igh i dteagmh\u00e1il le do thoil m\u00e1 cheapann t\u00fa go bhfuil c\u00farsa\u00ed ar cheart liost\u00fa anseo; t\u00e1 fonn orainn aon deiseanna a mheasaimid a bhaineann le Pobail N\u00e1d\u00fartha a liost\u00fa.<\/p>\n\n<h2 class=\"wp-block-heading\"><strong>C\u00farsa\u00ed Breisoideachais agus Oili\u00fana <\/strong><\/h2>\n\n<p>Re\u00e1cht\u00e1lann na Boird Oideachais agus Oili\u00fana (BOOanna) go leor c\u00farsa\u00ed creidi\u00fanaithe agus neamhchreidi\u00fanaithe a bhaineann le bith\u00e9ags\u00falacht agus leis an gcomhshaol, at\u00e1 liostaithe ar a mol ar l\u00edne. T\u00e1 \u00e1is chuardaigh ar <a href=\"https:\/\/www.fetchcourses.ie\/course\/finder\" target=\"_blank\" rel=\"noreferrer noopener\">shu\u00edomh gr\u00e9as\u00e1in C\u00farsa\u00ed Fetch<\/a>. Is iad na t\u00e9arma\u00ed cuardaigh eochairfhocail a mholtar n\u00e1 \u201cbith\u00e9ags\u00falacht\u201d agus \u201c\u00e9iceola\u00edocht\u201d.<\/p>\n\n<p>Is r\u00e9amhr\u00e1 iontach iad na c\u00farsa\u00ed seo ar \u00e1bhair chomhshaoil, inbhuanaithe agus \u00e9iceola\u00edochta le roghanna le haghaidh foghlama l\u00e1naimseartha n\u00f3 p\u00e1irtaimseartha, tr\u00e1thn\u00f3na n\u00f3 ar l\u00edne. Faigheann foghlaimeoir\u00ed scileanna, eolas agus inni\u00falachta\u00ed chun \u00e9ags\u00falacht fhisici\u00fail agus bhitheola\u00edoch \u00e9iceach\u00f3rais a chainn\u00edocht\u00fa agus a thuairisci\u00fa agus chun iad a chumas\u00fa chun dul ar aghaidh chuig breisoideachas n\u00f3 ardoideachas n\u00f3 oili\u00faint m\u00e1s mian leo. T\u00e1 c\u00fapla sampla de ch\u00farsa\u00ed a liosta\u00edodh roimhe seo leagtha amach th\u00edos:<\/p>\n\n<ul class=\"wp-block-list\">\n<li>Bith\u00e9ags\u00falacht agus an Timpeallacht N\u00e1d\u00fartha (le d\u00e9anamh go p\u00e1irtaimseartha thar 15 seachtaine n\u00f3 go l\u00e1naimseartha thar 4 seachtaine). T\u00e1 an mod\u00fal seo mar chuid de Mh\u00f3rdh\u00e1mhachtain QQI Leibh\u00e9al 5 don Ghairneoireacht (5M2586).<\/li>\n\n\n\n<li>\u00c9iceola\u00edocht Fheidhmeach agus Bith\u00e9ags\u00falacht (\u00c9iceola\u00edocht Fheidhmeach) (le d\u00e9anamh go l\u00e1naimseartha thar 40 seachtain). M\u00f3r-Dh\u00e1mhachtain QQI Leibh\u00e9al 5 san \u00c9iceola\u00edocht Fheidhmeach<\/li>\n<\/ul>\n\n<h3 class=\"wp-block-heading\"><em>P\u00edol\u00f3tach Oili\u00fana Scileanna D\u00falra<\/em><\/h3>\n\n<p>Mar gheall ar chomhoibri\u00fa le d\u00e9ana\u00ed idir an tSeirbh\u00eds P\u00e1irceanna N\u00e1isi\u00fanta agus Fiadh\u00falra (SPNF), Oifig na nOibreacha Poibl\u00ed (OPW), Bord Oideachais agus Oili\u00fana Laoise U\u00edbh Fhail\u00ed (LOETB) agus SOLAS (\u00fadar\u00e1s n\u00e1isi\u00fanta Breisoideachais agus Oili\u00fana) c\u00farsa 1 l\u00e1 do chonraitheoir\u00ed agus bainisteoir\u00ed at\u00e1 ag obair i ngn\u00edomhaireachta\u00ed st\u00e1it agus in \u00fadar\u00e1is \u00e1iti\u00fala araon. Bh\u00ed s\u00e9 mar aidhm ag an gc\u00farsa feasacht a ard\u00fa ar chosanta d\u00falra agus ar chaomhn\u00fa na bith\u00e9ags\u00falachta i measc na foirne a bhfuil s\u00e9 de ch\u00faram orthu tairiscint\u00ed poibl\u00ed agus pr\u00f3isis sol\u00e1thair a fhorbairt le haghaidh oibreacha i dtimpeallachta\u00ed \u00edogaire, lena n-\u00e1ir\u00edtear l\u00e1ithre\u00e1in t\u00f3g\u00e1la.<\/p>\n\n<p>Cuirfear oili\u00faint ar \u00e9iceola\u00edocht, dl\u00ed comhshaoil, maol\u00fa riosca agus dea-chleachtas thar raon gn\u00e1th\u00f3g ar an l\u00e1 do rannph\u00e1irtithe an ch\u00farsa.<\/p>\n\n<p>Bheadh an cine\u00e1l c\u00farsa seo \u00e1bhartha do Phobail Natura at\u00e1 ag obair ar thionscadail chaomhnaithe agus athch\u00f3irithe. Roinnfear tuilleadh sonra\u00ed faoin gc\u00farsa seo nuair a bheidh siad ar f\u00e1il.<\/p>\n\n<h2 class=\"wp-block-heading\"><strong>Ag tos\u00fa le hEolas agus Scileanna Bith\u00e9ags\u00falachta<\/strong><\/h2>\n\n<p>T\u00e1 roinnt beala\u00ed ann chun t\u00fas a chur le heolas agus scileanna bith\u00e9ags\u00falachta. T\u00e1 sampla\u00ed de dheiseanna \u00e9ags\u00fala leagtha amach th\u00edos.<\/p>\n\n<h3 class=\"wp-block-heading\"><em>Ionad N\u00e1isi\u00fanta le Sonra\u00ed Bith\u00e9ags\u00falachta<\/em><\/h3>\n\n<p>Cuireann an tIonad N\u00e1isi\u00fanta le Sonra\u00ed Bith\u00e9ags\u00falachta (NBDC) acmhainn\u00ed oili\u00fana agus ceardlanna ar f\u00e1il d\u00e1 l\u00edonra taifeadta.<\/p>\n\n<p>Tr\u00ed fhoghlaim conas speicis a shainaithint, tr\u00ed thaifid a chur faoi bhr\u00e1id an NBDC tr\u00ed thaifead \u00f3c\u00e1ideach n\u00f3 tr\u00edn\u00e1r sc\u00e9imeanna monat\u00f3ireachta, is f\u00e9idir le daoine aonair agus le pobail cur go m\u00f3r le tuiscint n\u00edos fearr a fh\u00e1il ar bhith\u00e9ags\u00falacht na h\u00c9ireann m.sh. tr\u00ed fhoghlaimeoir\u00ed p\u00e1irt a ghlacadh i sc\u00e9imeanna monat\u00f3ireachta. T\u00e9ann an fhaisn\u00e9is go l\u00e9ir a bhail\u00edonn an NBDC i dtreo sonra\u00ed bunl\u00edne t\u00e1bhachtacha a fhoirmi\u00fa chun athruithe ar bhith\u00e9ags\u00falacht na h\u00c9ireann thar am a rian\u00fa.<\/p>\n\n<p>Re\u00e1cht\u00e1lann an NBDC ceardlanna duine le duine i rith na bliana. T\u00e1 roinnt acmhainn\u00ed oili\u00fana saor in aisce ar l\u00edne acu freisin. Faigh tuilleadh eolais faoi acmhainn\u00ed oili\u00fana an NBDC ar <a href=\"https:\/\/biodiversityireland.ie\/training-resources\/\">shu\u00edomh gr\u00e9as\u00e1in Bith\u00e9ags\u00falacht \u00c9ireann<\/a>.<\/p>\n\n<h3 class=\"wp-block-heading\"><em>P\u00e1irceanna N\u00e1isi\u00fanta agus Anaclanna D\u00falra (an tSeirbh\u00eds P\u00e1irceanna N\u00e1isi\u00fanta agus Fiadh\u00falra)<\/em><\/h3>\n\n<p>Feidhm\u00edonn an tSeirbh\u00eds P\u00e1irceanna N\u00e1isi\u00fanta agus Fiadh\u00falra (SPNF) roinnt Ionaid Oideachais ina bP\u00e1irc N\u00e1isi\u00fanta agus i roinnt Tearmann D\u00falra. Re\u00e1cht\u00e1lann na hionaid seo ceardlanna agus imeachta\u00ed faoi spreagadh d\u00falra i rith na bliana. Le b\u00e9im l\u00e1idir ar chaomhn\u00fa, ar bhith\u00e9ags\u00falacht agus ar inbhuanaitheacht, t\u00e1 gn\u00edomha\u00edochta\u00ed ann at\u00e1 in oiri\u00faint do gach cumas agus leas &#8211; <a href=\"https:\/\/www.nationalparks.ie\/\" target=\"_blank\" rel=\"noreferrer noopener\">P\u00e1irceanna N\u00e1isi\u00fanta<\/a>.<\/p>\n\n<h3 class=\"wp-block-heading\"><em>Cl\u00e1r Uisce na n\u00dadar\u00e1s \u00c1iti\u00fail (LAWPRO)<\/em><\/h3>\n\n<p>Ceann de phr\u00edomhfheidhmeanna LAWPRO is ea oibri\u00fa le gr\u00fapa\u00ed pobail chun c\u00e1il\u00edocht uisce n\u00edos fearr a chur chun cinn agus pobail a spreagadh chun a bheith rannph\u00e1irteach, rud a mheastar a bheith riachtanach do chosaint agus do bhainisti\u00fa dobharlaigh \u00e1iti\u00fala araon. Chun \u00e9 seo a bhaint amach tabharfaidh LAWPRO c\u00e9imeanna chun l\u00edonra\u00ed de phobail ghn\u00edomhacha a th\u00f3g\u00e1il a bhfuil an t-eolas, na scileanna agus an cumas acu chun athruithe dearfacha a dh\u00e9anamh maidir le c\u00e1il\u00edocht uisce. \u00c1ir\u00edtear ar ghn\u00edomha\u00edochta\u00ed den s\u00f3rt sin feasacht a ard\u00fa, pobail a mhealladh, tac\u00fa le rannph\u00e1irt\u00edocht an phobail i maoirseacht a dh\u00e9anamh ar shruthanna, aibhneacha, lochanna agus c\u00f3sta\u00ed \u00e1iti\u00fala, agus acmhainn t\u00e1irgthe t\u00f3g\u00e1il laistigh de phobail \u00e1iti\u00fala tr\u00ed chisti\u00fa eolais agus oili\u00faint. T\u00e1 13 Oifigeach Uisce Pobail ag LAWPRO freisin a bhunaigh iad f\u00e9in mar phoint\u00ed teagmh\u00e1la do phobail \u00e1iti\u00fala.<\/p>\n\n<p>Le heolas cothrom le d\u00e1ta a fh\u00e1il ar imeachta\u00ed LAWPRO, f\u00e9ach ar an su\u00edomh gr\u00e9as\u00e1in: <a href=\"https:\/\/lawaters.ie\/events\/\" target=\"_blank\" rel=\"noreferrer noopener\">imeachta\u00ed LAWaters<\/a> n\u00f3 faigh amach c\u00e9 h\u00e9 d\u2019Oifigeach Uisce Pobail \u00e1iti\u00fail tr\u00edd an nasc seo a leanas: <a href=\"https:\/\/lawaters.ie\/team\/communities-team\/\" target=\"_blank\" rel=\"noreferrer noopener\">Oifigigh Leasa Pobail LA Waters<\/a>.<\/p>\n\n<h3 class=\"wp-block-heading\"><em>Comhairle Caomhnaithe Phortaigh na h\u00c9ireann<\/em><\/h3>\n\n<p>Cuireann Roinn Oideachais an IPCC raon c\u00farsa\u00ed ar f\u00e1il do mh\u00fainteoir\u00ed agus d\u2019oideachas\u00f3ir\u00ed, a d\u2019fh\u00e9adfadh a bheith \u00e1bhartha d\u2019eagra\u00edochta\u00ed pobail at\u00e1 ag lorg r\u00e9amhr\u00e1 ar \u00e9iceola\u00edocht phortaigh.<\/p>\n\n<p>F\u00e9ach forbhreathn\u00fa ar ch\u00farsa\u00ed agus sonra\u00ed teagmh\u00e1la le haghaidh tuilleadh eolais anseo: <a href=\"https:\/\/www.ipcc.ie\/discover-and-learn\/training-courses\/\" target=\"_blank\" rel=\"noreferrer noopener\">Su\u00edomh gr\u00e9as\u00e1in Chomhairle Caomhnaithe Phortaigh na h\u00c9ireann<\/a>.<\/p>\n\n<h3 class=\"wp-block-heading\"><em>Iontaobhas Fiadh\u00falra na h\u00c9ireann<\/em><\/h3>\n\n<p>Re\u00e1cht\u00e1lann Iontaobhas Fiadh\u00falra na h\u00c9ireann cl\u00e1ir oideachais, \u00f3st\u00e1lann siad imeachta\u00ed agus seimine\u00e1ir ghr\u00e9as\u00e1in ar bhith\u00e9ags\u00falacht na h\u00c9ireann agus conas \u00ed a chosaint. Breathnaigh ar a su\u00edomh gr\u00e9as\u00e1in le haghaidh faisn\u00e9ise faoi na cl\u00e1ir reatha at\u00e1 \u00e1 re\u00e1cht\u00e1il: <a href=\"https:\/\/iwt.ie\/what-we-do\/education\/\" target=\"_blank\" rel=\"noreferrer noopener\">Su\u00edomh gr\u00e9as\u00e1in Oideachas\u00fail Iontaobhas Fiadh\u00falra na h\u00c9ireann<\/a>.<\/p>\n\n<h2 class=\"wp-block-heading\"><strong>Cl\u00e1r Tailte M\u00f3na IUCN<\/strong><\/h2>\n\n<p>*Tabhair faoi deara gur cl\u00e1r at\u00e1 bunaithe sa RA \u00e9 seo, agus mar sin d\u2019fh\u00e9adfadh go mbeadh difr\u00edocht idir eolas beartais agus faisn\u00e9is eile i gcomhth\u00e9acs na h\u00c9ireann<\/p>\n\n<p>T\u00e1 Cl\u00e1r Tailte M\u00f3na IUCN RA ann chun athch\u00f3iri\u00fa tailte m\u00f3na a chur chun cinn sa RA agus molann s\u00e9 na bunt\u00e1ist\u00ed iomad\u00fala a bhaineann le tailte m\u00f3na tr\u00ed chomhph\u00e1irt\u00edochta\u00ed, eola\u00edocht l\u00e1idir, beartas f\u00f3nta agus cleachtas \u00e9ifeachtach. C\u00e9 gur eagra\u00edocht \u00ed at\u00e1 bunaithe sa RA, \u00e1it a bhf\u00e9adfadh coinn\u00edollacha agus polasa\u00ed a bheith \u00e9ags\u00fail i gcomhth\u00e9acs na h\u00c9ireann, t\u00e1 an t-\u00e1bhar an-fhaisn\u00e9iseach maidir le caomhn\u00fa agus athch\u00f3iri\u00fa tailte m\u00f3na lena n-\u00e1ir\u00edtear bratphortaigh. Seo nasc chuig a su\u00edomh gr\u00e9as\u00e1in: <a href=\"https:\/\/www.iucn-uk-peatlandprogramme.org\/\" target=\"_blank\" rel=\"noreferrer noopener\">Tailte M\u00f3na IUCN<\/a>.<\/p>\n\n<p>T\u00e1 go leor acmhainn\u00ed foghlama agus oili\u00fana ar f\u00e1il ar a su\u00edomh gr\u00e9as\u00e1in, agus is f\u00e9idir iad a fh\u00e1il anseo: <a href=\"https:\/\/www.iucn-uk-peatlandprogramme.org\/peatland-resources\">Acmhainn\u00ed Tailte M\u00f3na IUCN<\/a>.<\/p>\n\n<h2 class=\"wp-block-heading\"><strong>Acmhainn\u00ed F\u00edse\u00e1in Ar L\u00edne<\/strong><\/h2>\n\n<p>Chuir an Tionscadal Di\u00failic\u00edn P\u00e9arla raon acmhainn\u00ed f\u00edse faisn\u00e9ise agus oili\u00fana f\u00edse\u00e1in ar f\u00e1il d&#8217;fheirmeoir\u00ed agus do chomhairleoir\u00ed feirme araon. \u00c1ir\u00edodh iontu freisin naisc chuig raon acmhainn\u00ed f\u00edse ar dhi\u00failic\u00edn\u00ed p\u00e9arla fionnuisce a d\u2019ullmhaigh gr\u00fapa\u00ed eile, a d\u2019fh\u00e9adfadh a bheith ina \u00e1bhar sp\u00e9ise.<\/p>\n\n<p>F\u00e9ach an nasc seo a leanas le haghaidh tuilleadh eolais: <a href=\"https:\/\/www.pearlmusselproject.ie\/resources\/video-resources\/\" target=\"_blank\" rel=\"noreferrer noopener\">Acmhainn\u00ed F\u00edse de Thionscadal Di\u00failic\u00edn\u00ed P\u00e9arla<\/a>.<\/p>\n\n<p>T\u00e1 \u00e1bhair acu freisin at\u00e1 tiomnaithe do chl\u00e1r scoileanna agus oideachais: <a href=\"https:\/\/www.pearlmusselproject.ie\/resources\/schools--education-resouces.html\" target=\"_blank\" rel=\"noreferrer noopener\">Scoileanna agus Acmhainn\u00ed Oideachais Tionscadal Di\u00failic\u00edn\u00ed P\u00e9arla<\/a>.<\/p>\n","protected":false},"excerpt":{"rendered":"<p>Teasta\u00edonn gn\u00edomha\u00edochta\u00ed caomhnaithe agus athch\u00f3irithe an d\u00falra pearsanra le raon \u00e9ags\u00fail eolais agus scileanna chun riachtanais \u00e9ags\u00fala na gc\u00e9imeanna tionscadail a chomhl\u00edonadh, \u00f3 fhorbairt tosaigh smaointe go dt\u00ed na hoibreacha praitici\u00fala ar an talamh. Chun cusp\u00f3ir\u00ed caomhnaithe an d\u00falra a sheachadadh go h\u00e9ifeachtach, teasta\u00edonn measc\u00e1n scileanna agus taith\u00ed \u00f3 dhaoine aonair agus foirne. Teasta\u00edonn athch\u00f3iri\u00fa [&hellip;]<\/p>\n","protected":false},"author":3,"featured_media":497,"parent":307,"menu_order":0,"comment_status":"closed","ping_status":"closed","template":"","meta":{"_acf_changed":false,"_eb_attr":"","site-sidebar-layout":"default","site-content-layout":"","ast-site-content-layout":"default","site-content-style":"default","site-sidebar-style":"default","ast-global-header-display":"","ast-banner-title-visibility":"","ast-main-header-display":"","ast-hfb-above-header-display":"","ast-hfb-below-header-display":"","ast-hfb-mobile-header-display":"","site-post-title":"","ast-breadcrumbs-content":"","ast-featured-img":"","footer-sml-layout":"","ast-disable-related-posts":"","theme-transparent-header-meta":"","adv-header-id-meta":"","stick-header-meta":"","header-above-stick-meta":"","header-main-stick-meta":"","header-below-stick-meta":"","astra-migrate-meta-layouts":"default","ast-page-background-enabled":"default","ast-page-background-meta":{"desktop":{"background-color":"var(--ast-global-color-4)","background-image":"","background-repeat":"repeat","background-position":"center center","background-size":"auto","background-attachment":"scroll","background-type":"","background-media":"","overlay-type":"","overlay-color":"","overlay-opacity":"","overlay-gradient":""},"tablet":{"background-color":"","background-image":"","background-repeat":"repeat","background-position":"center center","background-size":"auto","background-attachment":"scroll","background-type":"","background-media":"","overlay-type":"","overlay-color":"","overlay-opacity":"","overlay-gradient":""},"mobile":{"background-color":"","background-image":"","background-repeat":"repeat","background-position":"center center","background-size":"auto","background-attachment":"scroll","background-type":"","background-media":"","overlay-type":"","overlay-color":"","overlay-opacity":"","overlay-gradient":""}},"ast-content-background-meta":{"desktop":{"background-color":"var(--ast-global-color-5)","background-image":"","background-repeat":"repeat","background-position":"center center","background-size":"auto","background-attachment":"scroll","background-type":"","background-media":"","overlay-type":"","overlay-color":"","overlay-opacity":"","overlay-gradient":""},"tablet":{"background-color":"var(--ast-global-color-5)","background-image":"","background-repeat":"repeat","background-position":"center center","background-size":"auto","background-attachment":"scroll","background-type":"","background-media":"","overlay-type":"","overlay-color":"","overlay-opacity":"","overlay-gradient":""},"mobile":{"background-color":"var(--ast-global-color-5)","background-image":"","background-repeat":"repeat","background-position":"center center","background-size":"auto","background-attachment":"scroll","background-type":"","background-media":"","overlay-type":"","overlay-color":"","overlay-opacity":"","overlay-gradient":""}},"footnotes":""},"class_list":["post-728","page","type-page","status-publish","has-post-thumbnail","hentry"],"acf":[],"yoast_head":"<!-- This site is optimized with the Yoast SEO plugin v27.5 - https:\/\/yoast.com\/product\/yoast-seo-wordpress\/ -->\n<title>Deiseanna Oili\u00fana - Natura Communities<\/title>\n<meta name=\"robots\" content=\"index, follow, max-snippet:-1, max-image-preview:large, max-video-preview:-1\" \/>\n<link rel=\"canonical\" href=\"https:\/\/www.naturacommunities.ie\/ga\/acmhainni-pobail\/deiseanna-oiliuna\/\" \/>\n<meta property=\"og:locale\" content=\"ga_IE\" \/>\n<meta property=\"og:type\" content=\"article\" \/>\n<meta property=\"og:title\" content=\"Deiseanna Oili\u00fana - Natura Communities\" \/>\n<meta property=\"og:description\" content=\"Teasta\u00edonn gn\u00edomha\u00edochta\u00ed caomhnaithe agus athch\u00f3irithe an d\u00falra pearsanra le raon \u00e9ags\u00fail eolais agus scileanna chun riachtanais \u00e9ags\u00fala na gc\u00e9imeanna tionscadail a chomhl\u00edonadh, \u00f3 fhorbairt tosaigh smaointe go dt\u00ed na hoibreacha praitici\u00fala ar an talamh. Chun cusp\u00f3ir\u00ed caomhnaithe an d\u00falra a sheachadadh go h\u00e9ifeachtach, teasta\u00edonn measc\u00e1n scileanna agus taith\u00ed \u00f3 dhaoine aonair agus foirne. Teasta\u00edonn athch\u00f3iri\u00fa [&hellip;]\" \/>\n<meta property=\"og:url\" content=\"https:\/\/www.naturacommunities.ie\/ga\/acmhainni-pobail\/deiseanna-oiliuna\/\" \/>\n<meta property=\"og:site_name\" content=\"Natura Communities\" \/>\n<meta property=\"article:publisher\" content=\"https:\/\/www.facebook.com\/WildAtlanticNature\/\" \/>\n<meta property=\"article:modified_time\" content=\"2025-01-09T14:33:50+00:00\" \/>\n<meta property=\"og:image\" content=\"https:\/\/www.naturacommunities.ie\/wp-content\/uploads\/2023\/10\/6.png\" \/>\n\t<meta property=\"og:image:width\" content=\"1048\" \/>\n\t<meta property=\"og:image:height\" content=\"250\" \/>\n\t<meta property=\"og:image:type\" content=\"image\/png\" \/>\n<meta name=\"twitter:card\" content=\"summary_large_image\" \/>\n<meta name=\"twitter:site\" content=\"@WAN_LIFEIP\" \/>\n<meta name=\"twitter:label1\" content=\"Est. reading time\" \/>\n\t<meta name=\"twitter:data1\" content=\"8 minutes\" \/>\n<script type=\"application\/ld+json\" class=\"yoast-schema-graph\">{\"@context\":\"https:\\\/\\\/schema.org\",\"@graph\":[{\"@type\":\"WebPage\",\"@id\":\"https:\\\/\\\/www.naturacommunities.ie\\\/ga\\\/acmhainni-pobail\\\/deiseanna-oiliuna\\\/\",\"url\":\"https:\\\/\\\/www.naturacommunities.ie\\\/ga\\\/acmhainni-pobail\\\/deiseanna-oiliuna\\\/\",\"name\":\"Deiseanna Oili\u00fana - Natura Communities\",\"isPartOf\":{\"@id\":\"https:\\\/\\\/www.naturacommunities.ie\\\/ga\\\/#website\"},\"primaryImageOfPage\":{\"@id\":\"https:\\\/\\\/www.naturacommunities.ie\\\/ga\\\/acmhainni-pobail\\\/deiseanna-oiliuna\\\/#primaryimage\"},\"image\":{\"@id\":\"https:\\\/\\\/www.naturacommunities.ie\\\/ga\\\/acmhainni-pobail\\\/deiseanna-oiliuna\\\/#primaryimage\"},\"thumbnailUrl\":\"https:\\\/\\\/www.naturacommunities.ie\\\/wp-content\\\/uploads\\\/2023\\\/10\\\/6.png\",\"datePublished\":\"2023-10-25T08:52:15+00:00\",\"dateModified\":\"2025-01-09T14:33:50+00:00\",\"breadcrumb\":{\"@id\":\"https:\\\/\\\/www.naturacommunities.ie\\\/ga\\\/acmhainni-pobail\\\/deiseanna-oiliuna\\\/#breadcrumb\"},\"inLanguage\":\"ga-IE\",\"potentialAction\":[{\"@type\":\"ReadAction\",\"target\":[\"https:\\\/\\\/www.naturacommunities.ie\\\/ga\\\/acmhainni-pobail\\\/deiseanna-oiliuna\\\/\"]}]},{\"@type\":\"ImageObject\",\"inLanguage\":\"ga-IE\",\"@id\":\"https:\\\/\\\/www.naturacommunities.ie\\\/ga\\\/acmhainni-pobail\\\/deiseanna-oiliuna\\\/#primaryimage\",\"url\":\"https:\\\/\\\/www.naturacommunities.ie\\\/wp-content\\\/uploads\\\/2023\\\/10\\\/6.png\",\"contentUrl\":\"https:\\\/\\\/www.naturacommunities.ie\\\/wp-content\\\/uploads\\\/2023\\\/10\\\/6.png\",\"width\":1048,\"height\":250},{\"@type\":\"BreadcrumbList\",\"@id\":\"https:\\\/\\\/www.naturacommunities.ie\\\/ga\\\/acmhainni-pobail\\\/deiseanna-oiliuna\\\/#breadcrumb\",\"itemListElement\":[{\"@type\":\"ListItem\",\"position\":1,\"name\":\"Acmhainn\u00ed Pobail\",\"item\":\"https:\\\/\\\/www.naturacommunities.ie\\\/ga\\\/acmhainni-pobail\\\/\"},{\"@type\":\"ListItem\",\"position\":2,\"name\":\"Deiseanna Oili\u00fana\"}]},{\"@type\":\"WebSite\",\"@id\":\"https:\\\/\\\/www.naturacommunities.ie\\\/ga\\\/#website\",\"url\":\"https:\\\/\\\/www.naturacommunities.ie\\\/ga\\\/\",\"name\":\"Natura Communities\",\"description\":\"\",\"publisher\":{\"@id\":\"https:\\\/\\\/www.naturacommunities.ie\\\/ga\\\/#organization\"},\"potentialAction\":[{\"@type\":\"SearchAction\",\"target\":{\"@type\":\"EntryPoint\",\"urlTemplate\":\"https:\\\/\\\/www.naturacommunities.ie\\\/ga\\\/?s={search_term_string}\"},\"query-input\":{\"@type\":\"PropertyValueSpecification\",\"valueRequired\":true,\"valueName\":\"search_term_string\"}}],\"inLanguage\":\"ga-IE\"},{\"@type\":\"Organization\",\"@id\":\"https:\\\/\\\/www.naturacommunities.ie\\\/ga\\\/#organization\",\"name\":\"Natura Communities\",\"url\":\"https:\\\/\\\/www.naturacommunities.ie\\\/ga\\\/\",\"logo\":{\"@type\":\"ImageObject\",\"inLanguage\":\"ga-IE\",\"@id\":\"https:\\\/\\\/www.naturacommunities.ie\\\/ga\\\/#\\\/schema\\\/logo\\\/image\\\/\",\"url\":\"https:\\\/\\\/www.naturacommunities.ie\\\/wp-content\\\/uploads\\\/2023\\\/10\\\/cropped-natura-communities-large.png\",\"contentUrl\":\"https:\\\/\\\/www.naturacommunities.ie\\\/wp-content\\\/uploads\\\/2023\\\/10\\\/cropped-natura-communities-large.png\",\"width\":994,\"height\":332,\"caption\":\"Natura Communities\"},\"image\":{\"@id\":\"https:\\\/\\\/www.naturacommunities.ie\\\/ga\\\/#\\\/schema\\\/logo\\\/image\\\/\"},\"sameAs\":[\"https:\\\/\\\/www.facebook.com\\\/WildAtlanticNature\\\/\",\"https:\\\/\\\/x.com\\\/WAN_LIFEIP\"]}]}<\/script>\n<!-- \/ Yoast SEO plugin. -->","yoast_head_json":{"title":"Deiseanna Oili\u00fana - Natura Communities","robots":{"index":"index","follow":"follow","max-snippet":"max-snippet:-1","max-image-preview":"max-image-preview:large","max-video-preview":"max-video-preview:-1"},"canonical":"https:\/\/www.naturacommunities.ie\/ga\/acmhainni-pobail\/deiseanna-oiliuna\/","og_locale":"ga_IE","og_type":"article","og_title":"Deiseanna Oili\u00fana - Natura Communities","og_description":"Teasta\u00edonn gn\u00edomha\u00edochta\u00ed caomhnaithe agus athch\u00f3irithe an d\u00falra pearsanra le raon \u00e9ags\u00fail eolais agus scileanna chun riachtanais \u00e9ags\u00fala na gc\u00e9imeanna tionscadail a chomhl\u00edonadh, \u00f3 fhorbairt tosaigh smaointe go dt\u00ed na hoibreacha praitici\u00fala ar an talamh. Chun cusp\u00f3ir\u00ed caomhnaithe an d\u00falra a sheachadadh go h\u00e9ifeachtach, teasta\u00edonn measc\u00e1n scileanna agus taith\u00ed \u00f3 dhaoine aonair agus foirne. Teasta\u00edonn athch\u00f3iri\u00fa [&hellip;]","og_url":"https:\/\/www.naturacommunities.ie\/ga\/acmhainni-pobail\/deiseanna-oiliuna\/","og_site_name":"Natura Communities","article_publisher":"https:\/\/www.facebook.com\/WildAtlanticNature\/","article_modified_time":"2025-01-09T14:33:50+00:00","og_image":[{"width":1048,"height":250,"url":"https:\/\/www.naturacommunities.ie\/wp-content\/uploads\/2023\/10\/6.png","type":"image\/png"}],"twitter_card":"summary_large_image","twitter_site":"@WAN_LIFEIP","twitter_misc":{"Est. reading time":"8 minutes"},"schema":{"@context":"https:\/\/schema.org","@graph":[{"@type":"WebPage","@id":"https:\/\/www.naturacommunities.ie\/ga\/acmhainni-pobail\/deiseanna-oiliuna\/","url":"https:\/\/www.naturacommunities.ie\/ga\/acmhainni-pobail\/deiseanna-oiliuna\/","name":"Deiseanna Oili\u00fana - Natura Communities","isPartOf":{"@id":"https:\/\/www.naturacommunities.ie\/ga\/#website"},"primaryImageOfPage":{"@id":"https:\/\/www.naturacommunities.ie\/ga\/acmhainni-pobail\/deiseanna-oiliuna\/#primaryimage"},"image":{"@id":"https:\/\/www.naturacommunities.ie\/ga\/acmhainni-pobail\/deiseanna-oiliuna\/#primaryimage"},"thumbnailUrl":"https:\/\/www.naturacommunities.ie\/wp-content\/uploads\/2023\/10\/6.png","datePublished":"2023-10-25T08:52:15+00:00","dateModified":"2025-01-09T14:33:50+00:00","breadcrumb":{"@id":"https:\/\/www.naturacommunities.ie\/ga\/acmhainni-pobail\/deiseanna-oiliuna\/#breadcrumb"},"inLanguage":"ga-IE","potentialAction":[{"@type":"ReadAction","target":["https:\/\/www.naturacommunities.ie\/ga\/acmhainni-pobail\/deiseanna-oiliuna\/"]}]},{"@type":"ImageObject","inLanguage":"ga-IE","@id":"https:\/\/www.naturacommunities.ie\/ga\/acmhainni-pobail\/deiseanna-oiliuna\/#primaryimage","url":"https:\/\/www.naturacommunities.ie\/wp-content\/uploads\/2023\/10\/6.png","contentUrl":"https:\/\/www.naturacommunities.ie\/wp-content\/uploads\/2023\/10\/6.png","width":1048,"height":250},{"@type":"BreadcrumbList","@id":"https:\/\/www.naturacommunities.ie\/ga\/acmhainni-pobail\/deiseanna-oiliuna\/#breadcrumb","itemListElement":[{"@type":"ListItem","position":1,"name":"Acmhainn\u00ed Pobail","item":"https:\/\/www.naturacommunities.ie\/ga\/acmhainni-pobail\/"},{"@type":"ListItem","position":2,"name":"Deiseanna Oili\u00fana"}]},{"@type":"WebSite","@id":"https:\/\/www.naturacommunities.ie\/ga\/#website","url":"https:\/\/www.naturacommunities.ie\/ga\/","name":"Natura Communities","description":"","publisher":{"@id":"https:\/\/www.naturacommunities.ie\/ga\/#organization"},"potentialAction":[{"@type":"SearchAction","target":{"@type":"EntryPoint","urlTemplate":"https:\/\/www.naturacommunities.ie\/ga\/?s={search_term_string}"},"query-input":{"@type":"PropertyValueSpecification","valueRequired":true,"valueName":"search_term_string"}}],"inLanguage":"ga-IE"},{"@type":"Organization","@id":"https:\/\/www.naturacommunities.ie\/ga\/#organization","name":"Natura Communities","url":"https:\/\/www.naturacommunities.ie\/ga\/","logo":{"@type":"ImageObject","inLanguage":"ga-IE","@id":"https:\/\/www.naturacommunities.ie\/ga\/#\/schema\/logo\/image\/","url":"https:\/\/www.naturacommunities.ie\/wp-content\/uploads\/2023\/10\/cropped-natura-communities-large.png","contentUrl":"https:\/\/www.naturacommunities.ie\/wp-content\/uploads\/2023\/10\/cropped-natura-communities-large.png","width":994,"height":332,"caption":"Natura Communities"},"image":{"@id":"https:\/\/www.naturacommunities.ie\/ga\/#\/schema\/logo\/image\/"},"sameAs":["https:\/\/www.facebook.com\/WildAtlanticNature\/","https:\/\/x.com\/WAN_LIFEIP"]}]}},"_links":{"self":[{"href":"https:\/\/www.naturacommunities.ie\/ga\/wp-json\/wp\/v2\/pages\/728","targetHints":{"allow":["GET"]}}],"collection":[{"href":"https:\/\/www.naturacommunities.ie\/ga\/wp-json\/wp\/v2\/pages"}],"about":[{"href":"https:\/\/www.naturacommunities.ie\/ga\/wp-json\/wp\/v2\/types\/page"}],"author":[{"embeddable":true,"href":"https:\/\/www.naturacommunities.ie\/ga\/wp-json\/wp\/v2\/users\/3"}],"replies":[{"embeddable":true,"href":"https:\/\/www.naturacommunities.ie\/ga\/wp-json\/wp\/v2\/comments?post=728"}],"version-history":[{"count":1,"href":"https:\/\/www.naturacommunities.ie\/ga\/wp-json\/wp\/v2\/pages\/728\/revisions"}],"predecessor-version":[{"id":729,"href":"https:\/\/www.naturacommunities.ie\/ga\/wp-json\/wp\/v2\/pages\/728\/revisions\/729"}],"up":[{"embeddable":true,"href":"https:\/\/www.naturacommunities.ie\/ga\/wp-json\/wp\/v2\/pages\/307"}],"wp:featuredmedia":[{"embeddable":true,"href":"https:\/\/www.naturacommunities.ie\/ga\/wp-json\/wp\/v2\/media\/497"}],"wp:attachment":[{"href":"https:\/\/www.naturacommunities.ie\/ga\/wp-json\/wp\/v2\/media?parent=728"}],"curies":[{"name":"wp","href":"https:\/\/api.w.org\/{rel}","templated":true}]}}