{"id":726,"date":"2023-10-13T16:04:21","date_gmt":"2023-10-13T15:04:21","guid":{"rendered":"https:\/\/www.naturacommunities.ie\/acmhainni-pobail\/deiseanna-cistiu\/raiteas-priobhaideachta-ciste-sil-na-gcomhphobal-nadurtha\/"},"modified":"2025-01-09T14:32:41","modified_gmt":"2025-01-09T14:32:41","slug":"raiteas-priobhaideachta-ciste-sil-na-gcomhphobal-nadurtha","status":"publish","type":"page","link":"https:\/\/www.naturacommunities.ie\/ga\/acmhainni-pobail\/deiseanna-cistiu\/raiteas-priobhaideachta-ciste-sil-na-gcomhphobal-nadurtha\/","title":{"rendered":"R\u00e1iteas Pr\u00edobh\u00e1ideachta Ciste S\u00edl na gComhphobal N\u00e1d\u00fartha"},"content":{"rendered":"\n<h2 class=\"wp-block-heading has-text-align-center\"><strong>LIFE-IP N\u00e1d\u00far an Atlantaigh Fhi\u00e1in<\/strong><\/h2>\n\n<h3 class=\"wp-block-heading\"><strong>C\u00e9 muid f\u00e9in<\/strong><\/h3>\n\n<p>T\u00e1 an R\u00e1iteas Pr\u00edobh\u00e1ideachta seo eisithe ag an tSeirbh\u00eds P\u00e1irceanna N\u00e1isi\u00fanta agus Fiadh\u00falra (NPWS) Tionscadal LIFE- Chomhth\u00e1ite (IP) N\u00e1d\u00far an Atlantaigh Fhi\u00e1in. Is cuid de Rann\u00f3g Oidhreachta na Roinne Tith\u00edochta, Rialtais \u00c1iti\u00fail agus Oidhreachta \u00ed an NPWS. Is \u00e9 DHLGH, \u201can Roinn\u201d, an roinn rialtais at\u00e1 freagrach as tith\u00edocht agus uisce, as plean\u00e1il fhisici\u00fail agus sp\u00e1s\u00falachta, as rialtas \u00e1iti\u00fail, as r\u00e9amhaisn\u00e9is na haimsire agus as \u00e1r n-oidhreacht th\u00f3gtha agus n\u00e1d\u00fartha \u00e1r n\u00e1isi\u00fain.<\/p>\n\n<p>T\u00e1 an Roinn tiomanta do do phr\u00edobh\u00e1ideachas a chosaint agus a urram\u00fa. M\u00edn\u00edtear sa R\u00e1iteas Pr\u00edobh\u00e1ideachta seo conas a phr\u00f3ise\u00e1lfaidh an Roinn, mar an Rialaitheoir Sonra\u00ed, na sonra\u00ed pearsanta a chuirtear ar f\u00e1il di maidir le Natura an Atlantaigh Fhi\u00e1in LIFE-IP, go sonrach a Ciste S\u00edl Phobail Natura (NCSF), sc\u00e9im ph\u00edol\u00f3tach deontais taca\u00edochta pobail \u00e1iti\u00fala; conas a \u00fas\u00e1idfear an fhaisn\u00e9is sin; agus na cearta a fh\u00e9adfaidh t\u00fa a fheidhmi\u00fa maidir le do shonra\u00ed pearsanta.<\/p>\n\n<p>M\u00e1 t\u00e1 aon cheist agat faoi st\u00f3r\u00e1il, \u00fas\u00e1id agus roinnt do shonra\u00ed d\u00e9an teagmh\u00e1il le do thoil le hOifigeach Cosanta Sonra\u00ed DHLGH ag <a href=\"mailto:data.protection@housing.gov.ie\">data.protection@housing.gov.ie<\/a> n\u00f3 leis an Oifigeach Cosanta Sonra\u00ed, DHLGH, B\u00f3thar an Bhaile Nua, Loch Garman.<\/p>\n\n<h3 class=\"wp-block-heading\"><strong>Catag\u00f3ir\u00ed sonra\u00ed pearsanta a bhail\u00edmid agus a phr\u00f3ise\u00e1lann muid<\/strong><\/h3>\n\n<p>Pr\u00f3ise\u00e1lann an Roinn na sonra\u00ed pearsanta seo a leanas maidir le NCSF N\u00e1d\u00far an Atlantaigh Fhi\u00e1in, a luaithe a l\u00e9ir\u00edonn gr\u00fapa pobail sp\u00e9is a bheith rannph\u00e1irteach sa chl\u00e1r seo, lena n-\u00e1ir\u00edtear an t-\u00e1bhar sonra\u00ed a ainmni\u00fa mar phr\u00edomhdhuine teagmh\u00e1la:<\/p>\n\n<ul class=\"wp-block-list\">\n<li>Pr\u00edomhainm teagmh\u00e1la, ainm an eintitis iarratais (arb \u00e9\/\u00ed an teagmh\u00e1la\u00ed d\u00f3), seoladh, uimhir theileaf\u00f3in agus seoladh r\u00edomhphoist.<\/li>\n<\/ul>\n\n<p>Nuair a bheidh an meas\u00fan\u00fa ar an iarratas agus an f\u00edor\u00fa inch\u00e1ilitheachta cr\u00edochnaithe, baileoidh an Roinn sonra\u00ed cuntais bhainc don aon\u00e1n rannph\u00e1irteach.<\/p>\n\n<h3 class=\"wp-block-heading\"><strong>Foinse na sonra\u00ed pearsanta<\/strong><\/h3>\n\n<p>Sol\u00e1thra\u00edonn an t-eintiteas a dh\u00e9anann iarratas sonra\u00ed pearsanta a bhaineann leis an bpr\u00edomhtheagmh\u00e1la\u00ed mar chuid den phr\u00f3iseas chun iarratas a dh\u00e9anamh ar NCSF N\u00e1d\u00far an Atlantaigh Fhi\u00e1in LIFE-IP. N\u00ed bhail\u00edmid do shonra\u00ed pearsanta \u00f3 \u00e1it ar bith eile.<\/p>\n\n<h3 class=\"wp-block-heading\"><strong>Cusp\u00f3ir\u00ed na pr\u00f3ise\u00e1la<\/strong><\/h3>\n\n<p>\u00das\u00e1idfidh an Roinn an fhaisn\u00e9is a chuirtear ar f\u00e1il chun Ciste S\u00edl Phobail N\u00e1d\u00far an Atlantaigh Fhi\u00e1in LIFE-IP a riar. Is \u00e9ard a bheidh i gceist le riaradh na sc\u00e9ime n\u00e1 teagmh\u00e1il a dh\u00e9anamh leis an bpr\u00edomhtheagmh\u00e1la\u00ed mar a shol\u00e1thra\u00edonn an t-aon\u00e1n iarratais ina bhfoirm iarratais. Coinneofar do shonra\u00ed pearsanta chun ceanglas ini\u00fachta inmhe\u00e1naigh agus AE a chomhl\u00edonadh. N\u00ed phr\u00f3ise\u00e1lfaidh an Roinn do shonra\u00ed pearsanta chun aon chr\u00edche seachas an cusp\u00f3ir d\u00e1 mbail\u00edtear iad.<\/p>\n\n<h3 class=\"wp-block-heading\"><strong>Pr\u00f3if\u00edli\u00fa <\/strong><\/h3>\n\n<p>N\u00ed \u00fas\u00e1idfidh an Roinn aon chuid de na sonra\u00ed pearsanta a bhail\u00edmid uait le haghaidh aon chine\u00e1l pr\u00f3if\u00edlithe n\u00f3 cinnteoireachta uathoibrithe.<\/p>\n\n<h3 class=\"wp-block-heading\"><strong>Bun\u00fas Dl\u00edthi\u00fail le Pr\u00f3ise\u00e1il<\/strong><\/h3>\n\n<p>Is iad na boinn dl\u00ed chun do shonra\u00ed a phr\u00f3ise\u00e1il mar chuid de sc\u00e9im LIFE-IP N\u00e1d\u00far an Atlantaigh Fhi\u00e1in faoi na hailt seo a leanas den GDPR agus den Acht um Chosaint Sonra\u00ed 2018:<\/p>\n\n<ul class=\"wp-block-list\">\n<li>Airteagal 6(1)(b) den GDPR, \u201ct\u00e1 an phr\u00f3ise\u00e1il riachtanach chun conradh a chomhl\u00edonadh a bhfuil an duine is \u00e1bhar do na sonra\u00ed ina ph\u00e1irt\u00ed ann n\u00f3 chun bearta a dh\u00e9anamh arna iarraidh sin don duine is \u00e1bhar do na sonra\u00ed sula nd\u00e9anann s\u00e9 conradh\u201d;<\/li>\n\n\n\n<li>Rialach\u00e1in LIFE Uimh. 1293\/2013 an AE Airteagal 8 agus Aithris 11 agus 783\/2021 an AE Airteagal 8 agus Aithris 5.<\/li>\n<\/ul>\n\n<h3 class=\"wp-block-heading\"><strong>Sl\u00e1nd\u00e1il do shonra\u00ed pearsanta<\/strong><\/h3>\n\n<p>Cuireann an Roinn bearta teicni\u00fala, eagr\u00fach\u00e1in agus n\u00f3s imeachta i bhfeidhm chun do chuid faisn\u00e9ise a chosaint \u00f3 rochtain neamh\u00fadaraithe. Mar sin f\u00e9in, n\u00edl aon sraith beart, pr\u00f3iseas agus n\u00f3sanna imeachta sl\u00e1nd\u00e1la dothuigthe agus sa ch\u00e1s nach d\u00f3cha go gcuirf\u00ed isteach ar do shonra\u00ed mar thoradh ar sh\u00e1r\u00fa ar shl\u00e1nd\u00e1il cuirfear Beartas agus N\u00f3sanna Imeachta Bainist\u00edochta S\u00e1raithe na Roinne i ngn\u00edomh.<\/p>\n\n<h3 class=\"wp-block-heading\"><strong>Faighteoir\u00ed na sonra\u00ed<\/strong><\/h3>\n\n<p>N\u00ed dh\u00e9anfaidh LIFE-IP N\u00e1d\u00far an Atlantaigh Fhi\u00e1in do shonra\u00ed a mhalart\u00fa le tr\u00ed\u00fa p\u00e1irtithe.<\/p>\n\n<h3 class=\"wp-block-heading\"><strong>Aistrithe Sonra\u00ed Trasteorann<\/strong><\/h3>\n\n<p>N\u00ed aistreoidh an Roinn na sonra\u00ed pearsanta a bhail\u00edtear maidir le tionscadal LIFE-IP N\u00e1d\u00far an Atlantaigh Fhi\u00e1in chuig aon t\u00edr lasmuigh den AE\/LEE ach amh\u00e1in mar is g\u00e1 do sheachadadh an tionscadail agus arna rial\u00fa ag cl\u00e1sail chonarthacha de r\u00e9ir GDPR..<\/p>\n\n<h3 class=\"wp-block-heading\"><strong>C\u00e1 fhad a choinneofar do chuid sonra\u00ed?<\/strong><\/h3>\n\n<p>N\u00ed choinneoidh an Roinn do shonra\u00ed ach chomh fada agus is g\u00e1 chun na gcr\u00edoch a raibh baint acu leo agus a cheangla\u00edtear le dl\u00ed. I gcomhr\u00e9ir le ceanglais dhl\u00edthi\u00fala, coinneofar do shonra\u00ed pearsanta ar feadh thr\u00e9imhse thionscadal N\u00e1d\u00far an Atlantaigh Fhi\u00e1in LIFE-IP m\u00f3ide 7 mbliana, n\u00f3 go dt\u00ed 2035.<\/p>\n\n<h3 class=\"wp-block-heading\"><strong>Do Chearta <\/strong><\/h3>\n\n<p>Chomh maith leis na sonra\u00ed at\u00e1 san fh\u00f3gra seo, leagtar amach i mBeartas Cosanta Sonra\u00ed na Roinne conas a \u00fas\u00e1idimid do shonra\u00ed chomh maith le faisn\u00e9is a shol\u00e1thar maidir le do chearta mar \u00e1bhar sonra\u00ed. T\u00e1 an polasa\u00ed um Chosaint Sonra\u00ed ar f\u00e1il ar shu\u00edomh Gr\u00e9as\u00e1in DHLGH n\u00f3 i gc\u00f3ip chrua ach \u00e9 a iarraidh. M\u00e1 mheasann t\u00fa gur s\u00e1ra\u00edodh do chearta t\u00e1 s\u00e9 de cheart agat gear\u00e1n a dh\u00e9anamh leis an gCoimisi\u00fan um Chosaint Sonra\u00ed na h\u00c9ireann (<a href=\"http:\/\/www.dataprotection.ie\">www.dataprotection.ie<\/a>), agus t\u00e1 s\u00e9 de cheart agat leigheas breithi\u00fanach a lorg.<\/p>\n\n<h3 class=\"wp-block-heading\"><strong>Sonra\u00ed Teagmh\u00e1la <\/strong><\/h3>\n\n<p>M\u00e1 theasta\u00edonn tuilleadh faisn\u00e9ise uait, n\u00f3 m\u00e1s mian leat rochtain a fh\u00e1il ar do shonra\u00ed pearsanta, d\u00e9an teagmh\u00e1il le do thoil le hOifigeach Cosanta Sonra\u00ed na Roinne a bhfuil a sonra\u00ed th\u00edos:<\/p>\n\n<pre class=\"wp-block-preformatted\">Data Protection Officer\nDepartment of Housing, Local Government and Heritage,\nNewtown Road,\nWexford.\n\nEmail: <a href=\"mailto:data.protection@housing.gov.ie\">data.protection@housing.gov.ie<\/a><\/pre>\n","protected":false},"excerpt":{"rendered":"<p>LIFE-IP N\u00e1d\u00far an Atlantaigh Fhi\u00e1in C\u00e9 muid f\u00e9in T\u00e1 an R\u00e1iteas Pr\u00edobh\u00e1ideachta seo eisithe ag an tSeirbh\u00eds P\u00e1irceanna N\u00e1isi\u00fanta agus Fiadh\u00falra (NPWS) Tionscadal LIFE- Chomhth\u00e1ite (IP) N\u00e1d\u00far an Atlantaigh Fhi\u00e1in. Is cuid de Rann\u00f3g Oidhreachta na Roinne Tith\u00edochta, Rialtais \u00c1iti\u00fail agus Oidhreachta \u00ed an NPWS. Is \u00e9 DHLGH, \u201can Roinn\u201d, an roinn rialtais at\u00e1 freagrach [&hellip;]<\/p>\n","protected":false},"author":3,"featured_media":505,"parent":713,"menu_order":0,"comment_status":"closed","ping_status":"closed","template":"","meta":{"_acf_changed":false,"_eb_attr":"","site-sidebar-layout":"default","site-content-layout":"","ast-site-content-layout":"default","site-content-style":"default","site-sidebar-style":"default","ast-global-header-display":"","ast-banner-title-visibility":"","ast-main-header-display":"","ast-hfb-above-header-display":"","ast-hfb-below-header-display":"","ast-hfb-mobile-header-display":"","site-post-title":"","ast-breadcrumbs-content":"","ast-featured-img":"","footer-sml-layout":"","ast-disable-related-posts":"","theme-transparent-header-meta":"","adv-header-id-meta":"","stick-header-meta":"","header-above-stick-meta":"","header-main-stick-meta":"","header-below-stick-meta":"","astra-migrate-meta-layouts":"default","ast-page-background-enabled":"default","ast-page-background-meta":{"desktop":{"background-color":"var(--ast-global-color-4)","background-image":"","background-repeat":"repeat","background-position":"center center","background-size":"auto","background-attachment":"scroll","background-type":"","background-media":"","overlay-type":"","overlay-color":"","overlay-opacity":"","overlay-gradient":""},"tablet":{"background-color":"","background-image":"","background-repeat":"repeat","background-position":"center center","background-size":"auto","background-attachment":"scroll","background-type":"","background-media":"","overlay-type":"","overlay-color":"","overlay-opacity":"","overlay-gradient":""},"mobile":{"background-color":"","background-image":"","background-repeat":"repeat","background-position":"center center","background-size":"auto","background-attachment":"scroll","background-type":"","background-media":"","overlay-type":"","overlay-color":"","overlay-opacity":"","overlay-gradient":""}},"ast-content-background-meta":{"desktop":{"background-color":"var(--ast-global-color-5)","background-image":"","background-repeat":"repeat","background-position":"center center","background-size":"auto","background-attachment":"scroll","background-type":"","background-media":"","overlay-type":"","overlay-color":"","overlay-opacity":"","overlay-gradient":""},"tablet":{"background-color":"var(--ast-global-color-5)","background-image":"","background-repeat":"repeat","background-position":"center center","background-size":"auto","background-attachment":"scroll","background-type":"","background-media":"","overlay-type":"","overlay-color":"","overlay-opacity":"","overlay-gradient":""},"mobile":{"background-color":"var(--ast-global-color-5)","background-image":"","background-repeat":"repeat","background-position":"center center","background-size":"auto","background-attachment":"scroll","background-type":"","background-media":"","overlay-type":"","overlay-color":"","overlay-opacity":"","overlay-gradient":""}},"footnotes":""},"class_list":["post-726","page","type-page","status-publish","has-post-thumbnail","hentry"],"acf":[],"yoast_head":"<!-- This site is optimized with the Yoast SEO plugin v27.5 - https:\/\/yoast.com\/product\/yoast-seo-wordpress\/ -->\n<title>R\u00e1iteas Pr\u00edobh\u00e1ideachta Ciste S\u00edl na gComhphobal N\u00e1d\u00fartha - Natura Communities<\/title>\n<meta name=\"robots\" content=\"index, follow, max-snippet:-1, max-image-preview:large, max-video-preview:-1\" \/>\n<link rel=\"canonical\" href=\"https:\/\/www.naturacommunities.ie\/ga\/acmhainni-pobail\/deiseanna-cistiu\/raiteas-priobhaideachta-ciste-sil-na-gcomhphobal-nadurtha\/\" \/>\n<meta property=\"og:locale\" content=\"ga_IE\" \/>\n<meta property=\"og:type\" content=\"article\" \/>\n<meta property=\"og:title\" content=\"R\u00e1iteas Pr\u00edobh\u00e1ideachta Ciste S\u00edl na gComhphobal N\u00e1d\u00fartha - Natura Communities\" \/>\n<meta property=\"og:description\" content=\"LIFE-IP N\u00e1d\u00far an Atlantaigh Fhi\u00e1in C\u00e9 muid f\u00e9in T\u00e1 an R\u00e1iteas Pr\u00edobh\u00e1ideachta seo eisithe ag an tSeirbh\u00eds P\u00e1irceanna N\u00e1isi\u00fanta agus Fiadh\u00falra (NPWS) Tionscadal LIFE- Chomhth\u00e1ite (IP) N\u00e1d\u00far an Atlantaigh Fhi\u00e1in. Is cuid de Rann\u00f3g Oidhreachta na Roinne Tith\u00edochta, Rialtais \u00c1iti\u00fail agus Oidhreachta \u00ed an NPWS. Is \u00e9 DHLGH, \u201can Roinn\u201d, an roinn rialtais at\u00e1 freagrach [&hellip;]\" \/>\n<meta property=\"og:url\" content=\"https:\/\/www.naturacommunities.ie\/ga\/acmhainni-pobail\/deiseanna-cistiu\/raiteas-priobhaideachta-ciste-sil-na-gcomhphobal-nadurtha\/\" \/>\n<meta property=\"og:site_name\" content=\"Natura Communities\" \/>\n<meta property=\"article:publisher\" content=\"https:\/\/www.facebook.com\/WildAtlanticNature\/\" \/>\n<meta property=\"article:modified_time\" content=\"2025-01-09T14:32:41+00:00\" \/>\n<meta property=\"og:image\" content=\"https:\/\/www.naturacommunities.ie\/wp-content\/uploads\/2023\/10\/10.png\" \/>\n\t<meta property=\"og:image:width\" content=\"1048\" \/>\n\t<meta property=\"og:image:height\" content=\"250\" \/>\n\t<meta property=\"og:image:type\" content=\"image\/png\" \/>\n<meta name=\"twitter:card\" content=\"summary_large_image\" \/>\n<meta name=\"twitter:site\" content=\"@WAN_LIFEIP\" \/>\n<meta name=\"twitter:label1\" content=\"Est. reading time\" \/>\n\t<meta name=\"twitter:data1\" content=\"5 minutes\" \/>\n<script type=\"application\/ld+json\" class=\"yoast-schema-graph\">{\"@context\":\"https:\\\/\\\/schema.org\",\"@graph\":[{\"@type\":\"WebPage\",\"@id\":\"https:\\\/\\\/www.naturacommunities.ie\\\/ga\\\/acmhainni-pobail\\\/deiseanna-cistiu\\\/raiteas-priobhaideachta-ciste-sil-na-gcomhphobal-nadurtha\\\/\",\"url\":\"https:\\\/\\\/www.naturacommunities.ie\\\/ga\\\/acmhainni-pobail\\\/deiseanna-cistiu\\\/raiteas-priobhaideachta-ciste-sil-na-gcomhphobal-nadurtha\\\/\",\"name\":\"R\u00e1iteas Pr\u00edobh\u00e1ideachta Ciste S\u00edl na gComhphobal N\u00e1d\u00fartha - Natura Communities\",\"isPartOf\":{\"@id\":\"https:\\\/\\\/www.naturacommunities.ie\\\/ga\\\/#website\"},\"primaryImageOfPage\":{\"@id\":\"https:\\\/\\\/www.naturacommunities.ie\\\/ga\\\/acmhainni-pobail\\\/deiseanna-cistiu\\\/raiteas-priobhaideachta-ciste-sil-na-gcomhphobal-nadurtha\\\/#primaryimage\"},\"image\":{\"@id\":\"https:\\\/\\\/www.naturacommunities.ie\\\/ga\\\/acmhainni-pobail\\\/deiseanna-cistiu\\\/raiteas-priobhaideachta-ciste-sil-na-gcomhphobal-nadurtha\\\/#primaryimage\"},\"thumbnailUrl\":\"https:\\\/\\\/www.naturacommunities.ie\\\/wp-content\\\/uploads\\\/2023\\\/10\\\/10.png\",\"datePublished\":\"2023-10-13T15:04:21+00:00\",\"dateModified\":\"2025-01-09T14:32:41+00:00\",\"breadcrumb\":{\"@id\":\"https:\\\/\\\/www.naturacommunities.ie\\\/ga\\\/acmhainni-pobail\\\/deiseanna-cistiu\\\/raiteas-priobhaideachta-ciste-sil-na-gcomhphobal-nadurtha\\\/#breadcrumb\"},\"inLanguage\":\"ga-IE\",\"potentialAction\":[{\"@type\":\"ReadAction\",\"target\":[\"https:\\\/\\\/www.naturacommunities.ie\\\/ga\\\/acmhainni-pobail\\\/deiseanna-cistiu\\\/raiteas-priobhaideachta-ciste-sil-na-gcomhphobal-nadurtha\\\/\"]}]},{\"@type\":\"ImageObject\",\"inLanguage\":\"ga-IE\",\"@id\":\"https:\\\/\\\/www.naturacommunities.ie\\\/ga\\\/acmhainni-pobail\\\/deiseanna-cistiu\\\/raiteas-priobhaideachta-ciste-sil-na-gcomhphobal-nadurtha\\\/#primaryimage\",\"url\":\"https:\\\/\\\/www.naturacommunities.ie\\\/wp-content\\\/uploads\\\/2023\\\/10\\\/10.png\",\"contentUrl\":\"https:\\\/\\\/www.naturacommunities.ie\\\/wp-content\\\/uploads\\\/2023\\\/10\\\/10.png\",\"width\":1048,\"height\":250},{\"@type\":\"BreadcrumbList\",\"@id\":\"https:\\\/\\\/www.naturacommunities.ie\\\/ga\\\/acmhainni-pobail\\\/deiseanna-cistiu\\\/raiteas-priobhaideachta-ciste-sil-na-gcomhphobal-nadurtha\\\/#breadcrumb\",\"itemListElement\":[{\"@type\":\"ListItem\",\"position\":1,\"name\":\"Acmhainn\u00ed Pobail\",\"item\":\"https:\\\/\\\/www.naturacommunities.ie\\\/ga\\\/acmhainni-pobail\\\/\"},{\"@type\":\"ListItem\",\"position\":2,\"name\":\"Deiseanna Cisti\u00fa\",\"item\":\"https:\\\/\\\/www.naturacommunities.ie\\\/ga\\\/acmhainni-pobail\\\/deiseanna-cistiu\\\/\"},{\"@type\":\"ListItem\",\"position\":3,\"name\":\"R\u00e1iteas Pr\u00edobh\u00e1ideachta Ciste S\u00edl na gComhphobal N\u00e1d\u00fartha\"}]},{\"@type\":\"WebSite\",\"@id\":\"https:\\\/\\\/www.naturacommunities.ie\\\/ga\\\/#website\",\"url\":\"https:\\\/\\\/www.naturacommunities.ie\\\/ga\\\/\",\"name\":\"Natura Communities\",\"description\":\"\",\"publisher\":{\"@id\":\"https:\\\/\\\/www.naturacommunities.ie\\\/ga\\\/#organization\"},\"potentialAction\":[{\"@type\":\"SearchAction\",\"target\":{\"@type\":\"EntryPoint\",\"urlTemplate\":\"https:\\\/\\\/www.naturacommunities.ie\\\/ga\\\/?s={search_term_string}\"},\"query-input\":{\"@type\":\"PropertyValueSpecification\",\"valueRequired\":true,\"valueName\":\"search_term_string\"}}],\"inLanguage\":\"ga-IE\"},{\"@type\":\"Organization\",\"@id\":\"https:\\\/\\\/www.naturacommunities.ie\\\/ga\\\/#organization\",\"name\":\"Natura Communities\",\"url\":\"https:\\\/\\\/www.naturacommunities.ie\\\/ga\\\/\",\"logo\":{\"@type\":\"ImageObject\",\"inLanguage\":\"ga-IE\",\"@id\":\"https:\\\/\\\/www.naturacommunities.ie\\\/ga\\\/#\\\/schema\\\/logo\\\/image\\\/\",\"url\":\"https:\\\/\\\/www.naturacommunities.ie\\\/wp-content\\\/uploads\\\/2023\\\/10\\\/cropped-natura-communities-large.png\",\"contentUrl\":\"https:\\\/\\\/www.naturacommunities.ie\\\/wp-content\\\/uploads\\\/2023\\\/10\\\/cropped-natura-communities-large.png\",\"width\":994,\"height\":332,\"caption\":\"Natura Communities\"},\"image\":{\"@id\":\"https:\\\/\\\/www.naturacommunities.ie\\\/ga\\\/#\\\/schema\\\/logo\\\/image\\\/\"},\"sameAs\":[\"https:\\\/\\\/www.facebook.com\\\/WildAtlanticNature\\\/\",\"https:\\\/\\\/x.com\\\/WAN_LIFEIP\"]}]}<\/script>\n<!-- \/ Yoast SEO plugin. -->","yoast_head_json":{"title":"R\u00e1iteas Pr\u00edobh\u00e1ideachta Ciste S\u00edl na gComhphobal N\u00e1d\u00fartha - Natura Communities","robots":{"index":"index","follow":"follow","max-snippet":"max-snippet:-1","max-image-preview":"max-image-preview:large","max-video-preview":"max-video-preview:-1"},"canonical":"https:\/\/www.naturacommunities.ie\/ga\/acmhainni-pobail\/deiseanna-cistiu\/raiteas-priobhaideachta-ciste-sil-na-gcomhphobal-nadurtha\/","og_locale":"ga_IE","og_type":"article","og_title":"R\u00e1iteas Pr\u00edobh\u00e1ideachta Ciste S\u00edl na gComhphobal N\u00e1d\u00fartha - Natura Communities","og_description":"LIFE-IP N\u00e1d\u00far an Atlantaigh Fhi\u00e1in C\u00e9 muid f\u00e9in T\u00e1 an R\u00e1iteas Pr\u00edobh\u00e1ideachta seo eisithe ag an tSeirbh\u00eds P\u00e1irceanna N\u00e1isi\u00fanta agus Fiadh\u00falra (NPWS) Tionscadal LIFE- Chomhth\u00e1ite (IP) N\u00e1d\u00far an Atlantaigh Fhi\u00e1in. Is cuid de Rann\u00f3g Oidhreachta na Roinne Tith\u00edochta, Rialtais \u00c1iti\u00fail agus Oidhreachta \u00ed an NPWS. Is \u00e9 DHLGH, \u201can Roinn\u201d, an roinn rialtais at\u00e1 freagrach [&hellip;]","og_url":"https:\/\/www.naturacommunities.ie\/ga\/acmhainni-pobail\/deiseanna-cistiu\/raiteas-priobhaideachta-ciste-sil-na-gcomhphobal-nadurtha\/","og_site_name":"Natura Communities","article_publisher":"https:\/\/www.facebook.com\/WildAtlanticNature\/","article_modified_time":"2025-01-09T14:32:41+00:00","og_image":[{"width":1048,"height":250,"url":"https:\/\/www.naturacommunities.ie\/wp-content\/uploads\/2023\/10\/10.png","type":"image\/png"}],"twitter_card":"summary_large_image","twitter_site":"@WAN_LIFEIP","twitter_misc":{"Est. reading time":"5 minutes"},"schema":{"@context":"https:\/\/schema.org","@graph":[{"@type":"WebPage","@id":"https:\/\/www.naturacommunities.ie\/ga\/acmhainni-pobail\/deiseanna-cistiu\/raiteas-priobhaideachta-ciste-sil-na-gcomhphobal-nadurtha\/","url":"https:\/\/www.naturacommunities.ie\/ga\/acmhainni-pobail\/deiseanna-cistiu\/raiteas-priobhaideachta-ciste-sil-na-gcomhphobal-nadurtha\/","name":"R\u00e1iteas Pr\u00edobh\u00e1ideachta Ciste S\u00edl na gComhphobal N\u00e1d\u00fartha - Natura Communities","isPartOf":{"@id":"https:\/\/www.naturacommunities.ie\/ga\/#website"},"primaryImageOfPage":{"@id":"https:\/\/www.naturacommunities.ie\/ga\/acmhainni-pobail\/deiseanna-cistiu\/raiteas-priobhaideachta-ciste-sil-na-gcomhphobal-nadurtha\/#primaryimage"},"image":{"@id":"https:\/\/www.naturacommunities.ie\/ga\/acmhainni-pobail\/deiseanna-cistiu\/raiteas-priobhaideachta-ciste-sil-na-gcomhphobal-nadurtha\/#primaryimage"},"thumbnailUrl":"https:\/\/www.naturacommunities.ie\/wp-content\/uploads\/2023\/10\/10.png","datePublished":"2023-10-13T15:04:21+00:00","dateModified":"2025-01-09T14:32:41+00:00","breadcrumb":{"@id":"https:\/\/www.naturacommunities.ie\/ga\/acmhainni-pobail\/deiseanna-cistiu\/raiteas-priobhaideachta-ciste-sil-na-gcomhphobal-nadurtha\/#breadcrumb"},"inLanguage":"ga-IE","potentialAction":[{"@type":"ReadAction","target":["https:\/\/www.naturacommunities.ie\/ga\/acmhainni-pobail\/deiseanna-cistiu\/raiteas-priobhaideachta-ciste-sil-na-gcomhphobal-nadurtha\/"]}]},{"@type":"ImageObject","inLanguage":"ga-IE","@id":"https:\/\/www.naturacommunities.ie\/ga\/acmhainni-pobail\/deiseanna-cistiu\/raiteas-priobhaideachta-ciste-sil-na-gcomhphobal-nadurtha\/#primaryimage","url":"https:\/\/www.naturacommunities.ie\/wp-content\/uploads\/2023\/10\/10.png","contentUrl":"https:\/\/www.naturacommunities.ie\/wp-content\/uploads\/2023\/10\/10.png","width":1048,"height":250},{"@type":"BreadcrumbList","@id":"https:\/\/www.naturacommunities.ie\/ga\/acmhainni-pobail\/deiseanna-cistiu\/raiteas-priobhaideachta-ciste-sil-na-gcomhphobal-nadurtha\/#breadcrumb","itemListElement":[{"@type":"ListItem","position":1,"name":"Acmhainn\u00ed Pobail","item":"https:\/\/www.naturacommunities.ie\/ga\/acmhainni-pobail\/"},{"@type":"ListItem","position":2,"name":"Deiseanna Cisti\u00fa","item":"https:\/\/www.naturacommunities.ie\/ga\/acmhainni-pobail\/deiseanna-cistiu\/"},{"@type":"ListItem","position":3,"name":"R\u00e1iteas Pr\u00edobh\u00e1ideachta Ciste S\u00edl na gComhphobal N\u00e1d\u00fartha"}]},{"@type":"WebSite","@id":"https:\/\/www.naturacommunities.ie\/ga\/#website","url":"https:\/\/www.naturacommunities.ie\/ga\/","name":"Natura Communities","description":"","publisher":{"@id":"https:\/\/www.naturacommunities.ie\/ga\/#organization"},"potentialAction":[{"@type":"SearchAction","target":{"@type":"EntryPoint","urlTemplate":"https:\/\/www.naturacommunities.ie\/ga\/?s={search_term_string}"},"query-input":{"@type":"PropertyValueSpecification","valueRequired":true,"valueName":"search_term_string"}}],"inLanguage":"ga-IE"},{"@type":"Organization","@id":"https:\/\/www.naturacommunities.ie\/ga\/#organization","name":"Natura Communities","url":"https:\/\/www.naturacommunities.ie\/ga\/","logo":{"@type":"ImageObject","inLanguage":"ga-IE","@id":"https:\/\/www.naturacommunities.ie\/ga\/#\/schema\/logo\/image\/","url":"https:\/\/www.naturacommunities.ie\/wp-content\/uploads\/2023\/10\/cropped-natura-communities-large.png","contentUrl":"https:\/\/www.naturacommunities.ie\/wp-content\/uploads\/2023\/10\/cropped-natura-communities-large.png","width":994,"height":332,"caption":"Natura Communities"},"image":{"@id":"https:\/\/www.naturacommunities.ie\/ga\/#\/schema\/logo\/image\/"},"sameAs":["https:\/\/www.facebook.com\/WildAtlanticNature\/","https:\/\/x.com\/WAN_LIFEIP"]}]}},"_links":{"self":[{"href":"https:\/\/www.naturacommunities.ie\/ga\/wp-json\/wp\/v2\/pages\/726","targetHints":{"allow":["GET"]}}],"collection":[{"href":"https:\/\/www.naturacommunities.ie\/ga\/wp-json\/wp\/v2\/pages"}],"about":[{"href":"https:\/\/www.naturacommunities.ie\/ga\/wp-json\/wp\/v2\/types\/page"}],"author":[{"embeddable":true,"href":"https:\/\/www.naturacommunities.ie\/ga\/wp-json\/wp\/v2\/users\/3"}],"replies":[{"embeddable":true,"href":"https:\/\/www.naturacommunities.ie\/ga\/wp-json\/wp\/v2\/comments?post=726"}],"version-history":[{"count":2,"href":"https:\/\/www.naturacommunities.ie\/ga\/wp-json\/wp\/v2\/pages\/726\/revisions"}],"predecessor-version":[{"id":1026,"href":"https:\/\/www.naturacommunities.ie\/ga\/wp-json\/wp\/v2\/pages\/726\/revisions\/1026"}],"up":[{"embeddable":true,"href":"https:\/\/www.naturacommunities.ie\/ga\/wp-json\/wp\/v2\/pages\/713"}],"wp:featuredmedia":[{"embeddable":true,"href":"https:\/\/www.naturacommunities.ie\/ga\/wp-json\/wp\/v2\/media\/505"}],"wp:attachment":[{"href":"https:\/\/www.naturacommunities.ie\/ga\/wp-json\/wp\/v2\/media?parent=726"}],"curies":[{"name":"wp","href":"https:\/\/api.w.org\/{rel}","templated":true}]}}