{"id":297,"date":"2023-10-10T16:18:22","date_gmt":"2023-10-10T15:18:22","guid":{"rendered":"https:\/\/www.naturacommunities.ie\/bagairti\/"},"modified":"2025-01-13T13:03:02","modified_gmt":"2025-01-13T13:03:02","slug":"bagairti","status":"publish","type":"page","link":"https:\/\/www.naturacommunities.ie\/ga\/cosaint-agus-athchoiriu\/bagairti\/","title":{"rendered":"Bagairt\u00ed"},"content":{"rendered":"\n<p>Le fada an l\u00e1, t\u00e1 easpa feasachta ar th\u00e1bhacht na bratphortach, lena n-\u00e1ir\u00edtear an r\u00f3l r\u00edth\u00e1bhachtach a imr\u00edonn siad i gcaomhn\u00fa bith\u00e9ags\u00falachta, a bhfeidhmeanna i rial\u00fa aer\u00e1ide agus uisce, agus an r\u00f3l a imr\u00edonn siad i rial\u00fa creimthe.<\/p>\n\n\n\n<p>T\u00e1 bratphortaigh \u00e1 nd\u00edghr\u00e1d\u00fa go tapa tr\u00ed mheasc\u00e1n de ghn\u00edomha\u00edocht dhaonna, athr\u00fa aer\u00e1ide agus pr\u00f3isis n\u00e1d\u00fartha. Scaoileann portaigh dh\u00edghr\u00e1daithe carb\u00f3in at\u00e1 st\u00f3r\u00e1ilte sa mh\u00f3in, cuireann siad isteach ar ch\u00e1il\u00edocht an uisce, cuireann siad le hathr\u00fa aer\u00e1ide, agus cailleann siad luach \u00e9iceola\u00edoch.<\/p>\n\n\n\n<p>Sonra\u00edtear th\u00edos na pr\u00edomhbhr\u00fanna ar bhratphortaigh:<\/p>\n\n\n\n<h2 class=\"wp-block-heading screen-reader-text\">Pr\u00edomhbhr\u00fanna<\/h2>\n\n\n\n<section class=\"acf-card acf-card--id--653bd4ca3aded\"><div class=\"acf-card__items\"><div id=\"splAccordian515\" data-id=\"515\" tabindex=\"0\" role=\"button\" class=\"wp-block-columns are-vertically-aligned-center is-not-stacked-on-mobile is-layout-flex wp-container-4 wp-block-columns-is-layout-flex spoiler\" style=\"padding-top:1em;padding-right:1em;padding-bottom:1em;padding-left:1em;border:1px solid #fff;\">        <div class=\"wp-block-column is-vertically-aligned-center is-layout-flow wp-block-column-is-layout-flow spoiler-img\" style=\"flex-basis:200px;\">        <figure class=\"wp-block-image aligncenter size-medium is-style-rounded\"><img class=\"acf-view__accordian-image\" src=\"https:\/\/www.naturacommunities.ie\/wp-content\/uploads\/2023\/10\/blanketbog_GC-768x768.png\" width=\"768\" height=\"768\" alt=\"Blanket Bog\" decoding=\"async\" loading=\"lazy\" srcset=\"https:\/\/www.naturacommunities.ie\/wp-content\/uploads\/2023\/10\/blanketbog_GC-768x768.png 768w, https:\/\/www.naturacommunities.ie\/wp-content\/uploads\/2023\/10\/blanketbog_GC-300x300.png 300w, https:\/\/www.naturacommunities.ie\/wp-content\/uploads\/2023\/10\/blanketbog_GC-1024x1024.png 1024w, https:\/\/www.naturacommunities.ie\/wp-content\/uploads\/2023\/10\/blanketbog_GC-150x150.png 150w, https:\/\/www.naturacommunities.ie\/wp-content\/uploads\/2023\/10\/blanketbog_GC.png 1080w\" sizes=\"auto, (max-width: 768px) 100vw, 768px\"><\/figure>    <\/div>        <div class=\"wp-block-column is-vertically-aligned-center is-layout-flow wp-block-column-is-layout-flow\">        <h3 class=\"wp-block-heading has-text-align-left has-ast-global-color-5-color has-text-color\">Gearradh m\u00f3na<\/h3>        <div style=\"color: #fff\">B\u00edonn creimeadh agus asta\u00edochta\u00ed carb\u00f3in mar thoradh ar east\u00f3scadh breosla traidisi\u00fanta<\/div>    <\/div>    <div class=\"wp-block-column is-vertically-aligned-center is-layout-flow wp-block-column-is-layout-flow\" style=\"flex-basis:60px\">        <div class=\"wp-block-outermost-icon-block\">            <div class=\"icon-container has-icon-color has-ast-global-color-5-color\" style=\"color:var(--ast-global-color-5);width:60px\">                    <span id=\"splOpen515\" style=\"font-size: 50px; font-weight: 600;\">&#11208;<\/span>                    <span id=\"splClose515\" style=\"font-size: 50px; font-weight: 600; display: none;\">&#11206;<\/span>            <\/div>        <\/div>    <\/div><\/div><div id=\"splContent515\" class=\"wp-block-columns wp-container-7 wp-block-columns-is-layout-flex spoiler-content\">            <div class=\"wp-block-column is-layout-flow wp-block-column-is-layout-flow\" style=\"flex-basis: 33.3%\">            <figure class=\"wp-block-image aligncenter\"><img class=\"acf-view__accordian-image\" src=\"https:\/\/www.naturacommunities.ie\/wp-content\/uploads\/2023\/10\/blanketbog_GC-768x768.png\" width=\"768\" height=\"768\" alt=\"Blanket Bog\" decoding=\"async\" loading=\"lazy\" srcset=\"https:\/\/www.naturacommunities.ie\/wp-content\/uploads\/2023\/10\/blanketbog_GC-768x768.png 768w, https:\/\/www.naturacommunities.ie\/wp-content\/uploads\/2023\/10\/blanketbog_GC-300x300.png 300w, https:\/\/www.naturacommunities.ie\/wp-content\/uploads\/2023\/10\/blanketbog_GC-1024x1024.png 1024w, https:\/\/www.naturacommunities.ie\/wp-content\/uploads\/2023\/10\/blanketbog_GC-150x150.png 150w, https:\/\/www.naturacommunities.ie\/wp-content\/uploads\/2023\/10\/blanketbog_GC.png 1080w\" sizes=\"auto, (max-width: 768px) 100vw, 768px\"><\/figure>        <\/div>        <div class=\"wp-block-column is-layout-flow wp-block-column-is-layout-flow\" style=\"flex-basis: 66.6%;\">        <p>Cailltear gn\u00e1th\u00f3g m\u00e1 bhaintear m\u00f3in as portaigh le haghaidh \u00fas\u00e1id t\u00ed n\u00f3 tr\u00e1cht\u00e1la. Ina theannta sin, athra\u00edonn na pr\u00f3isis bainte m\u00f3na foirm n\u00e1d\u00fartha an phortaigh a chuireann isteach ar an hidreola\u00edocht. Crutha\u00edonn aghaidh ghearrtha bruach m\u00f3na crios g\u00e9ar ina dtiteann an maoschl\u00e1r go m\u00f3r, trioma\u00edtear m\u00f3in agus scaoiltear carb\u00f3in at\u00e1 st\u00f3r\u00e1ilte sa mh\u00f3in ar feadh na m\u00edlte bliain.<\/p>\n        <\/div>    <\/div><\/div><\/section>\n\n\n\n<section class=\"acf-card acf-card--id--653bd4d255ce2\"><div class=\"acf-card__items\"><div id=\"splAccordian519\" data-id=\"519\" tabindex=\"0\" role=\"button\" class=\"wp-block-columns are-vertically-aligned-center is-not-stacked-on-mobile is-layout-flex wp-container-4 wp-block-columns-is-layout-flex spoiler\" style=\"padding-top:1em;padding-right:1em;padding-bottom:1em;padding-left:1em;border:1px solid #fff;\">        <div class=\"wp-block-column is-vertically-aligned-center is-layout-flow wp-block-column-is-layout-flow spoiler-img\" style=\"flex-basis:200px;\">        <figure class=\"wp-block-image aligncenter size-medium is-style-rounded\"><img class=\"acf-view__accordian-image\" src=\"https:\/\/www.naturacommunities.ie\/wp-content\/uploads\/2023\/10\/burning_mf-768x768.png\" width=\"768\" height=\"768\" alt=\"Burned Bogland\" decoding=\"async\" loading=\"lazy\" srcset=\"https:\/\/www.naturacommunities.ie\/wp-content\/uploads\/2023\/10\/burning_mf-768x768.png 768w, https:\/\/www.naturacommunities.ie\/wp-content\/uploads\/2023\/10\/burning_mf-300x300.png 300w, https:\/\/www.naturacommunities.ie\/wp-content\/uploads\/2023\/10\/burning_mf-1024x1024.png 1024w, https:\/\/www.naturacommunities.ie\/wp-content\/uploads\/2023\/10\/burning_mf-150x150.png 150w, https:\/\/www.naturacommunities.ie\/wp-content\/uploads\/2023\/10\/burning_mf.png 1080w\" sizes=\"auto, (max-width: 768px) 100vw, 768px\"><\/figure>    <\/div>        <div class=\"wp-block-column is-vertically-aligned-center is-layout-flow wp-block-column-is-layout-flow\">        <h3 class=\"wp-block-heading has-text-align-left has-ast-global-color-5-color has-text-color\">D\u00f3<\/h3>        <div style=\"color: #fff\">Cailltear f\u00e1sra dromchla lena n-\u00e1ir\u00edtear speicis fhoirmithe m\u00f3na, le d\u00f3 ar\u00eds agus ar\u00eds eile go fadt\u00e9armach agus mar thoradh ar chreimeadh agus m\u00e9ad\u00fa ar rith uisce chun srutha<\/div>    <\/div>    <div class=\"wp-block-column is-vertically-aligned-center is-layout-flow wp-block-column-is-layout-flow\" style=\"flex-basis:60px\">        <div class=\"wp-block-outermost-icon-block\">            <div class=\"icon-container has-icon-color has-ast-global-color-5-color\" style=\"color:var(--ast-global-color-5);width:60px\">                    <span id=\"splOpen519\" style=\"font-size: 50px; font-weight: 600;\">&#11208;<\/span>                    <span id=\"splClose519\" style=\"font-size: 50px; font-weight: 600; display: none;\">&#11206;<\/span>            <\/div>        <\/div>    <\/div><\/div><div id=\"splContent519\" class=\"wp-block-columns wp-container-7 wp-block-columns-is-layout-flex spoiler-content\">            <div class=\"wp-block-column is-layout-flow wp-block-column-is-layout-flow\" style=\"flex-basis: 33.3%\">            <figure class=\"wp-block-image aligncenter\"><img class=\"acf-view__accordian-image\" src=\"https:\/\/www.naturacommunities.ie\/wp-content\/uploads\/2023\/10\/burning_mf-768x768.png\" width=\"768\" height=\"768\" alt=\"Burned Bogland\" decoding=\"async\" loading=\"lazy\" srcset=\"https:\/\/www.naturacommunities.ie\/wp-content\/uploads\/2023\/10\/burning_mf-768x768.png 768w, https:\/\/www.naturacommunities.ie\/wp-content\/uploads\/2023\/10\/burning_mf-300x300.png 300w, https:\/\/www.naturacommunities.ie\/wp-content\/uploads\/2023\/10\/burning_mf-1024x1024.png 1024w, https:\/\/www.naturacommunities.ie\/wp-content\/uploads\/2023\/10\/burning_mf-150x150.png 150w, https:\/\/www.naturacommunities.ie\/wp-content\/uploads\/2023\/10\/burning_mf.png 1080w\" sizes=\"auto, (max-width: 768px) 100vw, 768px\"><\/figure>        <\/div>        <div class=\"wp-block-column is-layout-flow wp-block-column-is-layout-flow\" style=\"flex-basis: 66.6%;\">        <p>Cailltear f\u00e1sra dromchla mar thoradh ar dh\u00f3ite\u00e1in ar phortaigh, lena n-\u00e1ir\u00edtear na speicis fhoirmithe m\u00f3na, chomh maith le fiadh\u00falra eile mar inveirteabraigh agus \u00e9in neadaithe ar an talamh. Is f\u00e9idir le hamanna aisghabh\u00e1la do speicis \u00e9ags\u00fala planda\u00ed tar \u00e9is d\u00f3ite\u00e1n a bheith \u00e9ags\u00fail, agus athra\u00edonn pobail phlanda\u00ed go m\u00f3r nuair a tharla\u00edonn d\u00f3 ar\u00eds agus ar\u00eds eile. Mar thoradh ar an tionchar fadt\u00e9armach a bh\u00edonn ag d\u00f3 ar\u00eds agus ar\u00eds eile, d\u00e9antar athr\u00fa ioml\u00e1n ar an bhf\u00e1sra ar dhromchla na bportach, cailltear na speicis th\u00e1bhachtacha a fhoirm\u00edonn portaigh mar sphagnum agus cuireann s\u00e9 le creimeadh m\u00f3na agus m\u00e9ad\u00fa ar rith uisce.<\/p>\n        <\/div>    <\/div><\/div><\/section>\n\n\n\n<section class=\"acf-card acf-card--id--653bd4da8be0c\"><div class=\"acf-card__items\"><div id=\"splAccordian522\" data-id=\"522\" tabindex=\"0\" role=\"button\" class=\"wp-block-columns are-vertically-aligned-center is-not-stacked-on-mobile is-layout-flex wp-container-4 wp-block-columns-is-layout-flex spoiler\" style=\"padding-top:1em;padding-right:1em;padding-bottom:1em;padding-left:1em;border:1px solid #fff;\">        <div class=\"wp-block-column is-vertically-aligned-center is-layout-flow wp-block-column-is-layout-flow spoiler-img\" style=\"flex-basis:200px;\">        <figure class=\"wp-block-image aligncenter size-medium is-style-rounded\"><img class=\"acf-view__accordian-image\" src=\"https:\/\/www.naturacommunities.ie\/wp-content\/uploads\/2023\/10\/water_reservoir_mf-1-768x768.png\" width=\"768\" height=\"768\" alt=\"Water Reservoir\" decoding=\"async\" loading=\"lazy\" srcset=\"https:\/\/www.naturacommunities.ie\/wp-content\/uploads\/2023\/10\/water_reservoir_mf-1-768x768.png 768w, https:\/\/www.naturacommunities.ie\/wp-content\/uploads\/2023\/10\/water_reservoir_mf-1-300x300.png 300w, https:\/\/www.naturacommunities.ie\/wp-content\/uploads\/2023\/10\/water_reservoir_mf-1-1024x1024.png 1024w, https:\/\/www.naturacommunities.ie\/wp-content\/uploads\/2023\/10\/water_reservoir_mf-1-150x150.png 150w, https:\/\/www.naturacommunities.ie\/wp-content\/uploads\/2023\/10\/water_reservoir_mf-1.png 1080w\" sizes=\"auto, (max-width: 768px) 100vw, 768px\"><\/figure>    <\/div>        <div class=\"wp-block-column is-vertically-aligned-center is-layout-flow wp-block-column-is-layout-flow\">        <h3 class=\"wp-block-heading has-text-align-left has-ast-global-color-5-color has-text-color\">Draen\u00e1il &amp; Athshl\u00e1n\u00fa<\/h3>        <div style=\"color: #fff\">\u00edsl\u00edonn s\u00e9 leibh\u00e9il an uisce, cuireann s\u00e9 isteach ar chumas foirmithe m\u00f3na na bportach, trioma\u00edtear m\u00f3in is c\u00fais le crapadh, agus scaoileann carb\u00f3n isteach san atmaisf\u00e9ar<\/div>    <\/div>    <div class=\"wp-block-column is-vertically-aligned-center is-layout-flow wp-block-column-is-layout-flow\" style=\"flex-basis:60px\">        <div class=\"wp-block-outermost-icon-block\">            <div class=\"icon-container has-icon-color has-ast-global-color-5-color\" style=\"color:var(--ast-global-color-5);width:60px\">                    <span id=\"splOpen522\" style=\"font-size: 50px; font-weight: 600;\">&#11208;<\/span>                    <span id=\"splClose522\" style=\"font-size: 50px; font-weight: 600; display: none;\">&#11206;<\/span>            <\/div>        <\/div>    <\/div><\/div><div id=\"splContent522\" class=\"wp-block-columns wp-container-7 wp-block-columns-is-layout-flex spoiler-content\">            <div class=\"wp-block-column is-layout-flow wp-block-column-is-layout-flow\" style=\"flex-basis: 33.3%\">            <figure class=\"wp-block-image aligncenter\"><img class=\"acf-view__accordian-image\" src=\"https:\/\/www.naturacommunities.ie\/wp-content\/uploads\/2023\/10\/water_reservoir_mf-1-768x768.png\" width=\"768\" height=\"768\" alt=\"Water Reservoir\" decoding=\"async\" loading=\"lazy\" srcset=\"https:\/\/www.naturacommunities.ie\/wp-content\/uploads\/2023\/10\/water_reservoir_mf-1-768x768.png 768w, https:\/\/www.naturacommunities.ie\/wp-content\/uploads\/2023\/10\/water_reservoir_mf-1-300x300.png 300w, https:\/\/www.naturacommunities.ie\/wp-content\/uploads\/2023\/10\/water_reservoir_mf-1-1024x1024.png 1024w, https:\/\/www.naturacommunities.ie\/wp-content\/uploads\/2023\/10\/water_reservoir_mf-1-150x150.png 150w, https:\/\/www.naturacommunities.ie\/wp-content\/uploads\/2023\/10\/water_reservoir_mf-1.png 1080w\" sizes=\"auto, (max-width: 768px) 100vw, 768px\"><\/figure>        <\/div>        <div class=\"wp-block-column is-layout-flow wp-block-column-is-layout-flow\" style=\"flex-basis: 66.6%;\">        <p>\u00cdsl\u00edonn d\u00edoga draen\u00e1la ar phortaigh an maoschl\u00e1r agus is f\u00e9idir leo creimeadh agus ocsa\u00eddi\u00fa m\u00f3na a thionscnamh. Is f\u00e9idir le sean-dhraenacha f\u00f3s dul i bhfeidhm ar an hidreola\u00edocht. Nuair a bh\u00edonn an maoschl\u00e1r \u00edslithe, athra\u00edtear barrchiseal an phortaigh agus athra\u00edonn comhdh\u00e9anamh na speiceas agus stopann an chuid sin den phortach de bheith ag d\u00e9anamh m\u00f3na. Is f\u00e9idir leis an mh\u00f3in faoin dromchla a bheith comhbhr\u00faite, ag crapadh de r\u00e9ir mar a chailltear uisce \u00f3 na sraitheanna seo agus is f\u00e9idir le dromchla an phortaigh dul i l\u00e9ig. T\u00e1 drochthionchar ag draen\u00e1il na bportach ar ch\u00e1il\u00edocht na n-acmhainn\u00ed fionnuisce de r\u00e9ir mar a chuirtear dl\u00fas leis an rith chun srutha uisce, rud a fh\u00e1gann creimeadh m\u00f3na agus \u00e1bhar org\u00e1nach a chur leis an uisce.<\/p>\n        <\/div>    <\/div><\/div><\/section>\n\n\n\n<section class=\"acf-card acf-card--id--653bd4e1d023d\"><div class=\"acf-card__items\"><div id=\"splAccordian525\" data-id=\"525\" tabindex=\"0\" role=\"button\" class=\"wp-block-columns are-vertically-aligned-center is-not-stacked-on-mobile is-layout-flex wp-container-4 wp-block-columns-is-layout-flex spoiler\" style=\"padding-top:1em;padding-right:1em;padding-bottom:1em;padding-left:1em;border:1px solid #fff;\">        <div class=\"wp-block-column is-vertically-aligned-center is-layout-flow wp-block-column-is-layout-flow spoiler-img\" style=\"flex-basis:200px;\">        <figure class=\"wp-block-image aligncenter size-medium is-style-rounded\"><img class=\"acf-view__accordian-image\" src=\"https:\/\/www.naturacommunities.ie\/wp-content\/uploads\/2023\/10\/rhododendron_ponticum_mf-2-768x768.png\" width=\"768\" height=\"768\" alt=\"Rhododendron\" decoding=\"async\" loading=\"lazy\" srcset=\"https:\/\/www.naturacommunities.ie\/wp-content\/uploads\/2023\/10\/rhododendron_ponticum_mf-2-768x768.png 768w, https:\/\/www.naturacommunities.ie\/wp-content\/uploads\/2023\/10\/rhododendron_ponticum_mf-2-300x300.png 300w, https:\/\/www.naturacommunities.ie\/wp-content\/uploads\/2023\/10\/rhododendron_ponticum_mf-2-1024x1024.png 1024w, https:\/\/www.naturacommunities.ie\/wp-content\/uploads\/2023\/10\/rhododendron_ponticum_mf-2-150x150.png 150w, https:\/\/www.naturacommunities.ie\/wp-content\/uploads\/2023\/10\/rhododendron_ponticum_mf-2.png 1080w\" sizes=\"auto, (max-width: 768px) 100vw, 768px\"><\/figure>    <\/div>        <div class=\"wp-block-column is-vertically-aligned-center is-layout-flow wp-block-column-is-layout-flow\">        <h3 class=\"wp-block-heading has-text-align-left has-ast-global-color-5-color has-text-color\">Speicis Neamhdh\u00fachasacha Ionracha<\/h3>        <div style=\"color: #fff\">speicis dh\u00fachasacha a dh\u00edl\u00e1ithri\u00fa, pobail phlanda\u00ed a athr\u00fa, rud a fh\u00e1gann d\u00edghr\u00e1d\u00fa ar ghn\u00e1th\u00f3ga portaigh.<\/div>    <\/div>    <div class=\"wp-block-column is-vertically-aligned-center is-layout-flow wp-block-column-is-layout-flow\" style=\"flex-basis:60px\">        <div class=\"wp-block-outermost-icon-block\">            <div class=\"icon-container has-icon-color has-ast-global-color-5-color\" style=\"color:var(--ast-global-color-5);width:60px\">                    <span id=\"splOpen525\" style=\"font-size: 50px; font-weight: 600;\">&#11208;<\/span>                    <span id=\"splClose525\" style=\"font-size: 50px; font-weight: 600; display: none;\">&#11206;<\/span>            <\/div>        <\/div>    <\/div><\/div><div id=\"splContent525\" class=\"wp-block-columns wp-container-7 wp-block-columns-is-layout-flex spoiler-content\">            <div class=\"wp-block-column is-layout-flow wp-block-column-is-layout-flow\" style=\"flex-basis: 33.3%\">            <figure class=\"wp-block-image aligncenter\"><img class=\"acf-view__accordian-image\" src=\"https:\/\/www.naturacommunities.ie\/wp-content\/uploads\/2023\/10\/rhododendron_ponticum_mf-2-768x768.png\" width=\"768\" height=\"768\" alt=\"Rhododendron\" decoding=\"async\" loading=\"lazy\" srcset=\"https:\/\/www.naturacommunities.ie\/wp-content\/uploads\/2023\/10\/rhododendron_ponticum_mf-2-768x768.png 768w, https:\/\/www.naturacommunities.ie\/wp-content\/uploads\/2023\/10\/rhododendron_ponticum_mf-2-300x300.png 300w, https:\/\/www.naturacommunities.ie\/wp-content\/uploads\/2023\/10\/rhododendron_ponticum_mf-2-1024x1024.png 1024w, https:\/\/www.naturacommunities.ie\/wp-content\/uploads\/2023\/10\/rhododendron_ponticum_mf-2-150x150.png 150w, https:\/\/www.naturacommunities.ie\/wp-content\/uploads\/2023\/10\/rhododendron_ponticum_mf-2.png 1080w\" sizes=\"auto, (max-width: 768px) 100vw, 768px\"><\/figure>        <\/div>        <div class=\"wp-block-column is-layout-flow wp-block-column-is-layout-flow\" style=\"flex-basis: 66.6%;\">        <p>Imr\u00edonn coil\u00edni\u00fa bratphortach ag speicis ionracha neamhdh\u00fachasacha mar an R\u00f3slabhras ponticum agus an P\u00e9ine Gl\u00f3thach (<em>Pinus contorta<\/em>) tionchar suntasach ar phobail phlanda\u00ed agus fiadh\u00falra ar an bportach. Tr\u00ed ioma\u00edocht le haghaidh sp\u00e1is, f\u00e1gtar f\u00e1sra d\u00fachasach as an \u00e1ireamh ag speicis ionracha, agus nuair a bh\u00edonn siad bunaithe is f\u00e9idir leo scaipeadh go tapa agus is deacair iad a rial\u00fa.<\/p>\n        <\/div>    <\/div><\/div><\/section>\n\n\n\n<section class=\"acf-card acf-card--id--653bd4e9ad0b4\"><div class=\"acf-card__items\"><div id=\"splAccordian528\" data-id=\"528\" tabindex=\"0\" role=\"button\" class=\"wp-block-columns are-vertically-aligned-center is-not-stacked-on-mobile is-layout-flex wp-container-4 wp-block-columns-is-layout-flex spoiler\" style=\"padding-top:1em;padding-right:1em;padding-bottom:1em;padding-left:1em;border:1px solid #fff;\">        <div class=\"wp-block-column is-vertically-aligned-center is-layout-flow wp-block-column-is-layout-flow spoiler-img\" style=\"flex-basis:200px;\">        <figure class=\"wp-block-image aligncenter size-medium is-style-rounded\"><img class=\"acf-view__accordian-image\" src=\"https:\/\/www.naturacommunities.ie\/wp-content\/uploads\/2023\/10\/conifers_mf-768x768.png\" width=\"768\" height=\"768\" alt=\"Conifers\" decoding=\"async\" loading=\"lazy\" srcset=\"https:\/\/www.naturacommunities.ie\/wp-content\/uploads\/2023\/10\/conifers_mf-768x768.png 768w, https:\/\/www.naturacommunities.ie\/wp-content\/uploads\/2023\/10\/conifers_mf-300x300.png 300w, https:\/\/www.naturacommunities.ie\/wp-content\/uploads\/2023\/10\/conifers_mf-1024x1024.png 1024w, https:\/\/www.naturacommunities.ie\/wp-content\/uploads\/2023\/10\/conifers_mf-150x150.png 150w, https:\/\/www.naturacommunities.ie\/wp-content\/uploads\/2023\/10\/conifers_mf.png 1080w\" sizes=\"auto, (max-width: 768px) 100vw, 768px\"><\/figure>    <\/div>        <div class=\"wp-block-column is-vertically-aligned-center is-layout-flow wp-block-column-is-layout-flow\">        <h3 class=\"wp-block-heading has-text-align-left has-ast-global-color-5-color has-text-color\">Foraoisi\u00fa<\/h3>        <div style=\"color: #fff\">Nuair a chuirtear crainn neamhdh\u00fachasacha, athra\u00edonn s\u00e9 hidreola\u00edocht na bportach, trioma\u00edtear m\u00f3in agus d\u00e9anann s\u00e9 dochar do strucht\u00far na hithreach<\/div>    <\/div>    <div class=\"wp-block-column is-vertically-aligned-center is-layout-flow wp-block-column-is-layout-flow\" style=\"flex-basis:60px\">        <div class=\"wp-block-outermost-icon-block\">            <div class=\"icon-container has-icon-color has-ast-global-color-5-color\" style=\"color:var(--ast-global-color-5);width:60px\">                    <span id=\"splOpen528\" style=\"font-size: 50px; font-weight: 600;\">&#11208;<\/span>                    <span id=\"splClose528\" style=\"font-size: 50px; font-weight: 600; display: none;\">&#11206;<\/span>            <\/div>        <\/div>    <\/div><\/div><div id=\"splContent528\" class=\"wp-block-columns wp-container-7 wp-block-columns-is-layout-flex spoiler-content\">            <div class=\"wp-block-column is-layout-flow wp-block-column-is-layout-flow\" style=\"flex-basis: 33.3%\">            <figure class=\"wp-block-image aligncenter\"><img class=\"acf-view__accordian-image\" src=\"https:\/\/www.naturacommunities.ie\/wp-content\/uploads\/2023\/10\/conifers_mf-768x768.png\" width=\"768\" height=\"768\" alt=\"Conifers\" decoding=\"async\" loading=\"lazy\" srcset=\"https:\/\/www.naturacommunities.ie\/wp-content\/uploads\/2023\/10\/conifers_mf-768x768.png 768w, https:\/\/www.naturacommunities.ie\/wp-content\/uploads\/2023\/10\/conifers_mf-300x300.png 300w, https:\/\/www.naturacommunities.ie\/wp-content\/uploads\/2023\/10\/conifers_mf-1024x1024.png 1024w, https:\/\/www.naturacommunities.ie\/wp-content\/uploads\/2023\/10\/conifers_mf-150x150.png 150w, https:\/\/www.naturacommunities.ie\/wp-content\/uploads\/2023\/10\/conifers_mf.png 1080w\" sizes=\"auto, (max-width: 768px) 100vw, 768px\"><\/figure>        <\/div>        <div class=\"wp-block-column is-layout-flow wp-block-column-is-layout-flow\" style=\"flex-basis: 66.6%;\">        <p>San am a chuaigh thart, cuireadh go forleathan buairc\u00ednigh neamhdh\u00fachasacha ar bhratphortaigh. Bh\u00ed s\u00e9 ind\u00e9anta na crainn seo a chur tr\u00ed ghr\u00e9as\u00e1n de chlaiseanna agus d\u00edoga draen\u00e1la, rud a chuir isteach go m\u00f3r ar hidreola\u00edocht na bportach seo. Chomh maith le draen\u00e1il, t\u00e1 me\u00e1chan na gcrann tar \u00e9is an mh\u00f3in th\u00edos a chomhbhr\u00fa.<\/p>\n        <\/div>    <\/div><\/div><\/section>\n\n\n\n<section class=\"acf-card acf-card--id--653bd4f1911e5\"><div class=\"acf-card__items\"><div id=\"splAccordian533\" data-id=\"533\" tabindex=\"0\" role=\"button\" class=\"wp-block-columns are-vertically-aligned-center is-not-stacked-on-mobile is-layout-flex wp-container-4 wp-block-columns-is-layout-flex spoiler\" style=\"padding-top:1em;padding-right:1em;padding-bottom:1em;padding-left:1em;border:1px solid #fff;\">        <div class=\"wp-block-column is-vertically-aligned-center is-layout-flow wp-block-column-is-layout-flow spoiler-img\" style=\"flex-basis:200px;\">        <figure class=\"wp-block-image aligncenter size-medium is-style-rounded\"><img class=\"acf-view__accordian-image\" src=\"https:\/\/www.naturacommunities.ie\/wp-content\/uploads\/2023\/10\/habitat_surveys_JD-2-768x768.png\" width=\"768\" height=\"768\" alt=\"Habitat Survey\" decoding=\"async\" loading=\"lazy\" srcset=\"https:\/\/www.naturacommunities.ie\/wp-content\/uploads\/2023\/10\/habitat_surveys_JD-2-768x768.png 768w, https:\/\/www.naturacommunities.ie\/wp-content\/uploads\/2023\/10\/habitat_surveys_JD-2-300x300.png 300w, https:\/\/www.naturacommunities.ie\/wp-content\/uploads\/2023\/10\/habitat_surveys_JD-2-1024x1024.png 1024w, https:\/\/www.naturacommunities.ie\/wp-content\/uploads\/2023\/10\/habitat_surveys_JD-2-150x150.png 150w, https:\/\/www.naturacommunities.ie\/wp-content\/uploads\/2023\/10\/habitat_surveys_JD-2.png 1080w\" sizes=\"auto, (max-width: 768px) 100vw, 768px\"><\/figure>    <\/div>        <div class=\"wp-block-column is-vertically-aligned-center is-layout-flow wp-block-column-is-layout-flow\">        <h3 class=\"wp-block-heading has-text-align-left has-ast-global-color-5-color has-text-color\">Innilt &amp; Bainisti\u00fa Beostoic<\/h3>        <div style=\"color: #fff\">cuireann s\u00e9 isteach ar an gcl\u00fadach f\u00e1sra ar dhromchla an phortaigh, crutha\u00edonn s\u00e9 creimeadh agus is f\u00e9idir le saibhri\u00fa cothaitheach na bportach a bheith mar thoradh air.<\/div>    <\/div>    <div class=\"wp-block-column is-vertically-aligned-center is-layout-flow wp-block-column-is-layout-flow\" style=\"flex-basis:60px\">        <div class=\"wp-block-outermost-icon-block\">            <div class=\"icon-container has-icon-color has-ast-global-color-5-color\" style=\"color:var(--ast-global-color-5);width:60px\">                    <span id=\"splOpen533\" style=\"font-size: 50px; font-weight: 600;\">&#11208;<\/span>                    <span id=\"splClose533\" style=\"font-size: 50px; font-weight: 600; display: none;\">&#11206;<\/span>            <\/div>        <\/div>    <\/div><\/div><div id=\"splContent533\" class=\"wp-block-columns wp-container-7 wp-block-columns-is-layout-flex spoiler-content\">            <div class=\"wp-block-column is-layout-flow wp-block-column-is-layout-flow\" style=\"flex-basis: 33.3%\">            <figure class=\"wp-block-image aligncenter\"><img class=\"acf-view__accordian-image\" src=\"https:\/\/www.naturacommunities.ie\/wp-content\/uploads\/2023\/10\/habitat_surveys_JD-2-768x768.png\" width=\"768\" height=\"768\" alt=\"Habitat Survey\" decoding=\"async\" loading=\"lazy\" srcset=\"https:\/\/www.naturacommunities.ie\/wp-content\/uploads\/2023\/10\/habitat_surveys_JD-2-768x768.png 768w, https:\/\/www.naturacommunities.ie\/wp-content\/uploads\/2023\/10\/habitat_surveys_JD-2-300x300.png 300w, https:\/\/www.naturacommunities.ie\/wp-content\/uploads\/2023\/10\/habitat_surveys_JD-2-1024x1024.png 1024w, https:\/\/www.naturacommunities.ie\/wp-content\/uploads\/2023\/10\/habitat_surveys_JD-2-150x150.png 150w, https:\/\/www.naturacommunities.ie\/wp-content\/uploads\/2023\/10\/habitat_surveys_JD-2.png 1080w\" sizes=\"auto, (max-width: 768px) 100vw, 768px\"><\/figure>        <\/div>        <div class=\"wp-block-column is-layout-flow wp-block-column-is-layout-flow\" style=\"flex-basis: 66.6%;\">        <p>F\u00e9adann innilt throm phortaigh dul i bhfeidhm go m\u00f3r ar chl\u00fadach an fh\u00e1sra. San am a chuaigh thart, n\u00ed raibh dl\u00fas stoc\u00e1la ar phortaigh inbhuanaithe agus cailleadh f\u00e1sra agus planda\u00ed foirmithe m\u00f3na d\u00e1 bharr. Is f\u00e9idir le r\u00f3-innilt f\u00e1sra agus p\u00f3itse\u00e1il dromchla an phortaigh cur le creimeadh freisin. Is ceist \u00ed tearc-innilt m\u00e1s \u00e9 an cusp\u00f3ir bainist\u00edochta cothabh\u00e1il a dh\u00e9anamh ar ghn\u00e1th\u00f3ga oscailte ar phortaigh. F\u00e9adfaidh s\u00e9 cur freisin le ceannas roinnt speiceas, m\u00e9ad\u00fa gaolmhar ar an leibh\u00e9al bruscair planda\u00ed agus f\u00e1sra marbh a d\u2019fh\u00e9adfadh cur leis an mbaol d\u00f3ite\u00e1in, go h\u00e1irithe le linn tr\u00e9imhs\u00ed fada tirime. T\u00e1 portaigh n\u00edos so-ghabh\u00e1la\u00ed i leith tinte fi\u00e1ine de bharr droch-choinn\u00edollacha portaigh ar f\u00e9idir iad a chur i leith tearc-innilt, cleachtais stairi\u00fala d\u00f3 ar\u00eds agus ar\u00eds eile agus draen\u00e1il.<\/p>\n<p>T\u00e1 gn\u00edomha\u00edochta\u00ed eile a bhaineann le bainisti\u00fa beostoic ag d\u00e9anamh dochair ar n\u00f3s beath\u00fa forl\u00edontach, rud a d\u2019fh\u00e9adfadh cur le saibhri\u00fa cothaitheach agus le creimeadh mar thoradh ar stoc a dh\u00edri\u00fa in aon l\u00e1thair amh\u00e1in ina n-\u00fas\u00e1idtear frioth\u00e1lacha.<\/p>\n        <\/div>    <\/div><\/div><\/section>\n\n\n\n<section class=\"acf-card acf-card--id--653bd4f8b6486\"><div class=\"acf-card__items\"><div id=\"splAccordian538\" data-id=\"538\" tabindex=\"0\" role=\"button\" class=\"wp-block-columns are-vertically-aligned-center is-not-stacked-on-mobile is-layout-flex wp-container-4 wp-block-columns-is-layout-flex spoiler\" style=\"padding-top:1em;padding-right:1em;padding-bottom:1em;padding-left:1em;border:1px solid #fff;\">        <div class=\"wp-block-column is-vertically-aligned-center is-layout-flow wp-block-column-is-layout-flow spoiler-img\" style=\"flex-basis:200px;\">        <figure class=\"wp-block-image aligncenter size-medium is-style-rounded\"><img class=\"acf-view__accordian-image\" src=\"https:\/\/www.naturacommunities.ie\/wp-content\/uploads\/2023\/10\/cultural_heritage_mf-768x768.png\" width=\"768\" height=\"768\" alt=\"Musician on Bog\" decoding=\"async\" loading=\"lazy\" srcset=\"https:\/\/www.naturacommunities.ie\/wp-content\/uploads\/2023\/10\/cultural_heritage_mf-768x768.png 768w, https:\/\/www.naturacommunities.ie\/wp-content\/uploads\/2023\/10\/cultural_heritage_mf-300x300.png 300w, https:\/\/www.naturacommunities.ie\/wp-content\/uploads\/2023\/10\/cultural_heritage_mf-1024x1024.png 1024w, https:\/\/www.naturacommunities.ie\/wp-content\/uploads\/2023\/10\/cultural_heritage_mf-150x150.png 150w, https:\/\/www.naturacommunities.ie\/wp-content\/uploads\/2023\/10\/cultural_heritage_mf.png 1080w\" sizes=\"auto, (max-width: 768px) 100vw, 768px\"><\/figure>    <\/div>        <div class=\"wp-block-column is-vertically-aligned-center is-layout-flow wp-block-column-is-layout-flow\">        <h3 class=\"wp-block-heading has-text-align-left has-ast-global-color-5-color has-text-color\">Forbairt\u00ed \u00e1ineasa agus bonneagair<\/h3>        <div style=\"color: #fff\">cur isteach ar hidreola\u00edocht portaigh as a dtagann caillteanas agus scoilteadh gn\u00e1th\u00f3g <\/div>    <\/div>    <div class=\"wp-block-column is-vertically-aligned-center is-layout-flow wp-block-column-is-layout-flow\" style=\"flex-basis:60px\">        <div class=\"wp-block-outermost-icon-block\">            <div class=\"icon-container has-icon-color has-ast-global-color-5-color\" style=\"color:var(--ast-global-color-5);width:60px\">                    <span id=\"splOpen538\" style=\"font-size: 50px; font-weight: 600;\">&#11208;<\/span>                    <span id=\"splClose538\" style=\"font-size: 50px; font-weight: 600; display: none;\">&#11206;<\/span>            <\/div>        <\/div>    <\/div><\/div><div id=\"splContent538\" class=\"wp-block-columns wp-container-7 wp-block-columns-is-layout-flex spoiler-content\">            <div class=\"wp-block-column is-layout-flow wp-block-column-is-layout-flow\" style=\"flex-basis: 33.3%\">            <figure class=\"wp-block-image aligncenter\"><img class=\"acf-view__accordian-image\" src=\"https:\/\/www.naturacommunities.ie\/wp-content\/uploads\/2023\/10\/cultural_heritage_mf-768x768.png\" width=\"768\" height=\"768\" alt=\"Musician on Bog\" decoding=\"async\" loading=\"lazy\" srcset=\"https:\/\/www.naturacommunities.ie\/wp-content\/uploads\/2023\/10\/cultural_heritage_mf-768x768.png 768w, https:\/\/www.naturacommunities.ie\/wp-content\/uploads\/2023\/10\/cultural_heritage_mf-300x300.png 300w, https:\/\/www.naturacommunities.ie\/wp-content\/uploads\/2023\/10\/cultural_heritage_mf-1024x1024.png 1024w, https:\/\/www.naturacommunities.ie\/wp-content\/uploads\/2023\/10\/cultural_heritage_mf-150x150.png 150w, https:\/\/www.naturacommunities.ie\/wp-content\/uploads\/2023\/10\/cultural_heritage_mf.png 1080w\" sizes=\"auto, (max-width: 768px) 100vw, 768px\"><\/figure>        <\/div>        <div class=\"wp-block-column is-layout-flow wp-block-column-is-layout-flow\" style=\"flex-basis: 66.6%;\">        <p>Cuireann forbairt\u00ed bonneagair, ar n\u00f3s b\u00f3ithre a th\u00f3g\u00e1il, isteach ar hidreola\u00edocht n\u00e1d\u00fartha na bportach agus mar thoradh air sin cailltear gn\u00e1th\u00f3g agus scoilteadh gn\u00e1th\u00f3g. D\u2019fh\u00e9adfadh rochtain mh\u00edchu\u00ed thar phortaigh a chuimsi\u00fa le c\u00e9im na t\u00f3g\u00e1la do na forbairt\u00ed seo a dh\u00e9anfaidh dochar do dhromchla an phortaigh agus don mh\u00f3in faoi bhun in aice leis an l\u00e1ithre\u00e1n forbartha, agus is f\u00e9idir go dt\u00f3gfaidh s\u00e9 blianta fada le haisghabh\u00e1il ansin.<\/p>\n        <\/div>    <\/div><\/div><\/section>\n\n\n\n<section class=\"acf-card acf-card--id--653bd4ff7e91f\"><div class=\"acf-card__items\"><div id=\"splAccordian539\" data-id=\"539\" tabindex=\"0\" role=\"button\" class=\"wp-block-columns are-vertically-aligned-center is-not-stacked-on-mobile is-layout-flex wp-container-4 wp-block-columns-is-layout-flex spoiler\" style=\"padding-top:1em;padding-right:1em;padding-bottom:1em;padding-left:1em;border:1px solid #fff;\">        <div class=\"wp-block-column is-vertically-aligned-center is-layout-flow wp-block-column-is-layout-flow spoiler-img\" style=\"flex-basis:200px;\">        <figure class=\"wp-block-image aligncenter size-medium is-style-rounded\"><img class=\"acf-view__accordian-image\" src=\"https:\/\/www.naturacommunities.ie\/wp-content\/uploads\/2023\/10\/bb_erosion_JD-768x768.png\" width=\"768\" height=\"768\" alt=\"Bog Erosion\" decoding=\"async\" loading=\"lazy\" srcset=\"https:\/\/www.naturacommunities.ie\/wp-content\/uploads\/2023\/10\/bb_erosion_JD-768x768.png 768w, https:\/\/www.naturacommunities.ie\/wp-content\/uploads\/2023\/10\/bb_erosion_JD-300x300.png 300w, https:\/\/www.naturacommunities.ie\/wp-content\/uploads\/2023\/10\/bb_erosion_JD-1024x1024.png 1024w, https:\/\/www.naturacommunities.ie\/wp-content\/uploads\/2023\/10\/bb_erosion_JD-150x150.png 150w, https:\/\/www.naturacommunities.ie\/wp-content\/uploads\/2023\/10\/bb_erosion_JD.png 1080w\" sizes=\"auto, (max-width: 768px) 100vw, 768px\"><\/figure>    <\/div>        <div class=\"wp-block-column is-vertically-aligned-center is-layout-flow wp-block-column-is-layout-flow\">        <h3 class=\"wp-block-heading has-text-align-left has-ast-global-color-5-color has-text-color\">Briseadh Aer\u00e1ide<\/h3>        <div style=\"color: #fff\">b\u00edonn tionchar ag patr\u00fain aimsire foircneacha at\u00e1 ag m\u00e9ad\u00fa ar leibh\u00e9il uisce, ar phobail phlanda\u00ed agus ar strucht\u00far na m\u00f3na, rud a fh\u00e1gann go mbeidh portaigh n\u00edos so-ghabh\u00e1la\u00ed \u00f3 thaobh creimeadh agus d\u00edghr\u00e1daithe.<\/div>    <\/div>    <div class=\"wp-block-column is-vertically-aligned-center is-layout-flow wp-block-column-is-layout-flow\" style=\"flex-basis:60px\">        <div class=\"wp-block-outermost-icon-block\">            <div class=\"icon-container has-icon-color has-ast-global-color-5-color\" style=\"color:var(--ast-global-color-5);width:60px\">                    <span id=\"splOpen539\" style=\"font-size: 50px; font-weight: 600;\">&#11208;<\/span>                    <span id=\"splClose539\" style=\"font-size: 50px; font-weight: 600; display: none;\">&#11206;<\/span>            <\/div>        <\/div>    <\/div><\/div><div id=\"splContent539\" class=\"wp-block-columns wp-container-7 wp-block-columns-is-layout-flex spoiler-content\">            <div class=\"wp-block-column is-layout-flow wp-block-column-is-layout-flow\" style=\"flex-basis: 33.3%\">            <figure class=\"wp-block-image aligncenter\"><img class=\"acf-view__accordian-image\" src=\"https:\/\/www.naturacommunities.ie\/wp-content\/uploads\/2023\/10\/bb_erosion_JD-768x768.png\" width=\"768\" height=\"768\" alt=\"Bog Erosion\" decoding=\"async\" loading=\"lazy\" srcset=\"https:\/\/www.naturacommunities.ie\/wp-content\/uploads\/2023\/10\/bb_erosion_JD-768x768.png 768w, https:\/\/www.naturacommunities.ie\/wp-content\/uploads\/2023\/10\/bb_erosion_JD-300x300.png 300w, https:\/\/www.naturacommunities.ie\/wp-content\/uploads\/2023\/10\/bb_erosion_JD-1024x1024.png 1024w, https:\/\/www.naturacommunities.ie\/wp-content\/uploads\/2023\/10\/bb_erosion_JD-150x150.png 150w, https:\/\/www.naturacommunities.ie\/wp-content\/uploads\/2023\/10\/bb_erosion_JD.png 1080w\" sizes=\"auto, (max-width: 768px) 100vw, 768px\"><\/figure>        <\/div>        <div class=\"wp-block-column is-layout-flow wp-block-column-is-layout-flow\" style=\"flex-basis: 66.6%;\">        <p>Beidh tionchar ag tr\u00e9imhs\u00ed s\u00ednte triomach agus teagmhais bh\u00e1isteach an-mh\u00f3r ar hidreola\u00edocht an phortaigh. Athr\u00f3far na pobail fh\u00e1sra ar an bportach le planda\u00ed \u00e9ags\u00fala ag freagairt do na patr\u00fain aimsire at\u00e1 ag athr\u00fa. D&#8217;fh\u00e9adfadh samhra\u00ed n\u00edos teo agus n\u00edos tirime luas a chur le meath na m\u00f3na, go h\u00e1irithe ar l\u00e1ithre\u00e1in a ndearnadh dam\u00e1iste d\u00f3ibh cheana f\u00e9in. D\u2019fh\u00e9adfadh b\u00e1isteach throm ar phortaigh dh\u00edghr\u00e1daithe cur le creimeadh agus tuilte. D\u2019fh\u00e9adfadh go n-\u00e9ireodh le toir agus planda\u00ed soith\u00edoch, \u00e1it a mh\u00e9ada\u00edonn a gcl\u00fadach ar dhromchla na bportach, agus nach mb\u00edonn na caonaigh a fhoirm\u00edonn m\u00f3na chomh fl\u00fairseach. D&#8217;fh\u00e9adfadh an dinimic athraitheach seo sna pobail phlanda\u00ed ar na portaigh cur isteach ar chumas na m\u00f3na carb\u00f3in a st\u00f3r\u00e1il. Beidh bratphortaigh sl\u00e1na agus \u00e1 nd\u00e9anamh go gn\u00edomhach n\u00edos athl\u00e9imn\u00ed i gcoinne tionchair dhi\u00faltacha an athraithe aer\u00e1ide.<\/p>\n        <\/div>    <\/div><\/div><\/section>\n","protected":false},"excerpt":{"rendered":"<p>Le fada an l\u00e1, t\u00e1 easpa feasachta ar th\u00e1bhacht na bratphortach, lena n-\u00e1ir\u00edtear an r\u00f3l r\u00edth\u00e1bhachtach a imr\u00edonn siad i gcaomhn\u00fa bith\u00e9ags\u00falachta, a bhfeidhmeanna i rial\u00fa aer\u00e1ide agus uisce, agus an r\u00f3l a imr\u00edonn siad i rial\u00fa creimthe. T\u00e1 bratphortaigh \u00e1 nd\u00edghr\u00e1d\u00fa go tapa tr\u00ed mheasc\u00e1n de ghn\u00edomha\u00edocht dhaonna, athr\u00fa aer\u00e1ide agus pr\u00f3isis n\u00e1d\u00fartha. Scaoileann [&hellip;]<\/p>\n","protected":false},"author":3,"featured_media":501,"parent":299,"menu_order":0,"comment_status":"closed","ping_status":"closed","template":"","meta":{"_acf_changed":false,"_eb_attr":"","site-sidebar-layout":"default","site-content-layout":"","ast-site-content-layout":"default","site-content-style":"default","site-sidebar-style":"default","ast-global-header-display":"","ast-banner-title-visibility":"","ast-main-header-display":"","ast-hfb-above-header-display":"","ast-hfb-below-header-display":"","ast-hfb-mobile-header-display":"","site-post-title":"","ast-breadcrumbs-content":"","ast-featured-img":"","footer-sml-layout":"","ast-disable-related-posts":"","theme-transparent-header-meta":"","adv-header-id-meta":"","stick-header-meta":"","header-above-stick-meta":"","header-main-stick-meta":"","header-below-stick-meta":"","astra-migrate-meta-layouts":"default","ast-page-background-enabled":"default","ast-page-background-meta":{"desktop":{"background-color":"var(--ast-global-color-4)","background-image":"","background-repeat":"repeat","background-position":"center center","background-size":"auto","background-attachment":"scroll","background-type":"","background-media":"","overlay-type":"","overlay-color":"","overlay-opacity":"","overlay-gradient":""},"tablet":{"background-color":"","background-image":"","background-repeat":"repeat","background-position":"center center","background-size":"auto","background-attachment":"scroll","background-type":"","background-media":"","overlay-type":"","overlay-color":"","overlay-opacity":"","overlay-gradient":""},"mobile":{"background-color":"","background-image":"","background-repeat":"repeat","background-position":"center center","background-size":"auto","background-attachment":"scroll","background-type":"","background-media":"","overlay-type":"","overlay-color":"","overlay-opacity":"","overlay-gradient":""}},"ast-content-background-meta":{"desktop":{"background-color":"var(--ast-global-color-5)","background-image":"","background-repeat":"repeat","background-position":"center center","background-size":"auto","background-attachment":"scroll","background-type":"","background-media":"","overlay-type":"","overlay-color":"","overlay-opacity":"","overlay-gradient":""},"tablet":{"background-color":"var(--ast-global-color-5)","background-image":"","background-repeat":"repeat","background-position":"center center","background-size":"auto","background-attachment":"scroll","background-type":"","background-media":"","overlay-type":"","overlay-color":"","overlay-opacity":"","overlay-gradient":""},"mobile":{"background-color":"var(--ast-global-color-5)","background-image":"","background-repeat":"repeat","background-position":"center center","background-size":"auto","background-attachment":"scroll","background-type":"","background-media":"","overlay-type":"","overlay-color":"","overlay-opacity":"","overlay-gradient":""}},"footnotes":""},"class_list":["post-297","page","type-page","status-publish","has-post-thumbnail","hentry"],"acf":[],"yoast_head":"<!-- This site is optimized with the Yoast SEO plugin v27.5 - https:\/\/yoast.com\/product\/yoast-seo-wordpress\/ -->\n<title>Bagairt\u00ed - Natura Communities<\/title>\n<meta name=\"robots\" content=\"index, follow, max-snippet:-1, max-image-preview:large, max-video-preview:-1\" \/>\n<link rel=\"canonical\" href=\"https:\/\/www.naturacommunities.ie\/ga\/cosaint-agus-athchoiriu\/bagairti\/\" \/>\n<meta property=\"og:locale\" content=\"ga_IE\" \/>\n<meta property=\"og:type\" content=\"article\" \/>\n<meta property=\"og:title\" content=\"Bagairt\u00ed - Natura Communities\" \/>\n<meta property=\"og:description\" content=\"Le fada an l\u00e1, t\u00e1 easpa feasachta ar th\u00e1bhacht na bratphortach, lena n-\u00e1ir\u00edtear an r\u00f3l r\u00edth\u00e1bhachtach a imr\u00edonn siad i gcaomhn\u00fa bith\u00e9ags\u00falachta, a bhfeidhmeanna i rial\u00fa aer\u00e1ide agus uisce, agus an r\u00f3l a imr\u00edonn siad i rial\u00fa creimthe. T\u00e1 bratphortaigh \u00e1 nd\u00edghr\u00e1d\u00fa go tapa tr\u00ed mheasc\u00e1n de ghn\u00edomha\u00edocht dhaonna, athr\u00fa aer\u00e1ide agus pr\u00f3isis n\u00e1d\u00fartha. Scaoileann [&hellip;]\" \/>\n<meta property=\"og:url\" content=\"https:\/\/www.naturacommunities.ie\/ga\/cosaint-agus-athchoiriu\/bagairti\/\" \/>\n<meta property=\"og:site_name\" content=\"Natura Communities\" \/>\n<meta property=\"article:publisher\" content=\"https:\/\/www.facebook.com\/WildAtlanticNature\/\" \/>\n<meta property=\"article:modified_time\" content=\"2025-01-13T13:03:02+00:00\" \/>\n<meta property=\"og:image\" content=\"https:\/\/www.naturacommunities.ie\/wp-content\/uploads\/2023\/10\/8.png\" \/>\n\t<meta property=\"og:image:width\" content=\"1048\" \/>\n\t<meta property=\"og:image:height\" content=\"250\" \/>\n\t<meta property=\"og:image:type\" content=\"image\/png\" \/>\n<meta name=\"twitter:card\" content=\"summary_large_image\" \/>\n<meta name=\"twitter:site\" content=\"@WAN_LIFEIP\" \/>\n<meta name=\"twitter:label1\" content=\"Est. reading time\" \/>\n\t<meta name=\"twitter:data1\" content=\"1 minute\" \/>\n<script type=\"application\/ld+json\" class=\"yoast-schema-graph\">{\"@context\":\"https:\\\/\\\/schema.org\",\"@graph\":[{\"@type\":\"WebPage\",\"@id\":\"https:\\\/\\\/www.naturacommunities.ie\\\/ga\\\/cosaint-agus-athchoiriu\\\/bagairti\\\/\",\"url\":\"https:\\\/\\\/www.naturacommunities.ie\\\/ga\\\/cosaint-agus-athchoiriu\\\/bagairti\\\/\",\"name\":\"Bagairt\u00ed - Natura Communities\",\"isPartOf\":{\"@id\":\"https:\\\/\\\/www.naturacommunities.ie\\\/ga\\\/#website\"},\"primaryImageOfPage\":{\"@id\":\"https:\\\/\\\/www.naturacommunities.ie\\\/ga\\\/cosaint-agus-athchoiriu\\\/bagairti\\\/#primaryimage\"},\"image\":{\"@id\":\"https:\\\/\\\/www.naturacommunities.ie\\\/ga\\\/cosaint-agus-athchoiriu\\\/bagairti\\\/#primaryimage\"},\"thumbnailUrl\":\"https:\\\/\\\/www.naturacommunities.ie\\\/wp-content\\\/uploads\\\/2023\\\/10\\\/8.png\",\"datePublished\":\"2023-10-10T15:18:22+00:00\",\"dateModified\":\"2025-01-13T13:03:02+00:00\",\"breadcrumb\":{\"@id\":\"https:\\\/\\\/www.naturacommunities.ie\\\/ga\\\/cosaint-agus-athchoiriu\\\/bagairti\\\/#breadcrumb\"},\"inLanguage\":\"ga-IE\",\"potentialAction\":[{\"@type\":\"ReadAction\",\"target\":[\"https:\\\/\\\/www.naturacommunities.ie\\\/ga\\\/cosaint-agus-athchoiriu\\\/bagairti\\\/\"]}]},{\"@type\":\"ImageObject\",\"inLanguage\":\"ga-IE\",\"@id\":\"https:\\\/\\\/www.naturacommunities.ie\\\/ga\\\/cosaint-agus-athchoiriu\\\/bagairti\\\/#primaryimage\",\"url\":\"https:\\\/\\\/www.naturacommunities.ie\\\/wp-content\\\/uploads\\\/2023\\\/10\\\/8.png\",\"contentUrl\":\"https:\\\/\\\/www.naturacommunities.ie\\\/wp-content\\\/uploads\\\/2023\\\/10\\\/8.png\",\"width\":1048,\"height\":250},{\"@type\":\"BreadcrumbList\",\"@id\":\"https:\\\/\\\/www.naturacommunities.ie\\\/ga\\\/cosaint-agus-athchoiriu\\\/bagairti\\\/#breadcrumb\",\"itemListElement\":[{\"@type\":\"ListItem\",\"position\":1,\"name\":\"Cosaint agus Athch\u00f3iri\u00fa\",\"item\":\"https:\\\/\\\/www.naturacommunities.ie\\\/ga\\\/cosaint-agus-athchoiriu\\\/\"},{\"@type\":\"ListItem\",\"position\":2,\"name\":\"Bagairt\u00ed\"}]},{\"@type\":\"WebSite\",\"@id\":\"https:\\\/\\\/www.naturacommunities.ie\\\/ga\\\/#website\",\"url\":\"https:\\\/\\\/www.naturacommunities.ie\\\/ga\\\/\",\"name\":\"Natura Communities\",\"description\":\"\",\"publisher\":{\"@id\":\"https:\\\/\\\/www.naturacommunities.ie\\\/ga\\\/#organization\"},\"potentialAction\":[{\"@type\":\"SearchAction\",\"target\":{\"@type\":\"EntryPoint\",\"urlTemplate\":\"https:\\\/\\\/www.naturacommunities.ie\\\/ga\\\/?s={search_term_string}\"},\"query-input\":{\"@type\":\"PropertyValueSpecification\",\"valueRequired\":true,\"valueName\":\"search_term_string\"}}],\"inLanguage\":\"ga-IE\"},{\"@type\":\"Organization\",\"@id\":\"https:\\\/\\\/www.naturacommunities.ie\\\/ga\\\/#organization\",\"name\":\"Natura Communities\",\"url\":\"https:\\\/\\\/www.naturacommunities.ie\\\/ga\\\/\",\"logo\":{\"@type\":\"ImageObject\",\"inLanguage\":\"ga-IE\",\"@id\":\"https:\\\/\\\/www.naturacommunities.ie\\\/ga\\\/#\\\/schema\\\/logo\\\/image\\\/\",\"url\":\"https:\\\/\\\/www.naturacommunities.ie\\\/wp-content\\\/uploads\\\/2023\\\/10\\\/cropped-natura-communities-large.png\",\"contentUrl\":\"https:\\\/\\\/www.naturacommunities.ie\\\/wp-content\\\/uploads\\\/2023\\\/10\\\/cropped-natura-communities-large.png\",\"width\":994,\"height\":332,\"caption\":\"Natura Communities\"},\"image\":{\"@id\":\"https:\\\/\\\/www.naturacommunities.ie\\\/ga\\\/#\\\/schema\\\/logo\\\/image\\\/\"},\"sameAs\":[\"https:\\\/\\\/www.facebook.com\\\/WildAtlanticNature\\\/\",\"https:\\\/\\\/x.com\\\/WAN_LIFEIP\"]}]}<\/script>\n<!-- \/ Yoast SEO plugin. -->","yoast_head_json":{"title":"Bagairt\u00ed - Natura Communities","robots":{"index":"index","follow":"follow","max-snippet":"max-snippet:-1","max-image-preview":"max-image-preview:large","max-video-preview":"max-video-preview:-1"},"canonical":"https:\/\/www.naturacommunities.ie\/ga\/cosaint-agus-athchoiriu\/bagairti\/","og_locale":"ga_IE","og_type":"article","og_title":"Bagairt\u00ed - Natura Communities","og_description":"Le fada an l\u00e1, t\u00e1 easpa feasachta ar th\u00e1bhacht na bratphortach, lena n-\u00e1ir\u00edtear an r\u00f3l r\u00edth\u00e1bhachtach a imr\u00edonn siad i gcaomhn\u00fa bith\u00e9ags\u00falachta, a bhfeidhmeanna i rial\u00fa aer\u00e1ide agus uisce, agus an r\u00f3l a imr\u00edonn siad i rial\u00fa creimthe. T\u00e1 bratphortaigh \u00e1 nd\u00edghr\u00e1d\u00fa go tapa tr\u00ed mheasc\u00e1n de ghn\u00edomha\u00edocht dhaonna, athr\u00fa aer\u00e1ide agus pr\u00f3isis n\u00e1d\u00fartha. Scaoileann [&hellip;]","og_url":"https:\/\/www.naturacommunities.ie\/ga\/cosaint-agus-athchoiriu\/bagairti\/","og_site_name":"Natura Communities","article_publisher":"https:\/\/www.facebook.com\/WildAtlanticNature\/","article_modified_time":"2025-01-13T13:03:02+00:00","og_image":[{"width":1048,"height":250,"url":"https:\/\/www.naturacommunities.ie\/wp-content\/uploads\/2023\/10\/8.png","type":"image\/png"}],"twitter_card":"summary_large_image","twitter_site":"@WAN_LIFEIP","twitter_misc":{"Est. reading time":"1 minute"},"schema":{"@context":"https:\/\/schema.org","@graph":[{"@type":"WebPage","@id":"https:\/\/www.naturacommunities.ie\/ga\/cosaint-agus-athchoiriu\/bagairti\/","url":"https:\/\/www.naturacommunities.ie\/ga\/cosaint-agus-athchoiriu\/bagairti\/","name":"Bagairt\u00ed - Natura Communities","isPartOf":{"@id":"https:\/\/www.naturacommunities.ie\/ga\/#website"},"primaryImageOfPage":{"@id":"https:\/\/www.naturacommunities.ie\/ga\/cosaint-agus-athchoiriu\/bagairti\/#primaryimage"},"image":{"@id":"https:\/\/www.naturacommunities.ie\/ga\/cosaint-agus-athchoiriu\/bagairti\/#primaryimage"},"thumbnailUrl":"https:\/\/www.naturacommunities.ie\/wp-content\/uploads\/2023\/10\/8.png","datePublished":"2023-10-10T15:18:22+00:00","dateModified":"2025-01-13T13:03:02+00:00","breadcrumb":{"@id":"https:\/\/www.naturacommunities.ie\/ga\/cosaint-agus-athchoiriu\/bagairti\/#breadcrumb"},"inLanguage":"ga-IE","potentialAction":[{"@type":"ReadAction","target":["https:\/\/www.naturacommunities.ie\/ga\/cosaint-agus-athchoiriu\/bagairti\/"]}]},{"@type":"ImageObject","inLanguage":"ga-IE","@id":"https:\/\/www.naturacommunities.ie\/ga\/cosaint-agus-athchoiriu\/bagairti\/#primaryimage","url":"https:\/\/www.naturacommunities.ie\/wp-content\/uploads\/2023\/10\/8.png","contentUrl":"https:\/\/www.naturacommunities.ie\/wp-content\/uploads\/2023\/10\/8.png","width":1048,"height":250},{"@type":"BreadcrumbList","@id":"https:\/\/www.naturacommunities.ie\/ga\/cosaint-agus-athchoiriu\/bagairti\/#breadcrumb","itemListElement":[{"@type":"ListItem","position":1,"name":"Cosaint agus Athch\u00f3iri\u00fa","item":"https:\/\/www.naturacommunities.ie\/ga\/cosaint-agus-athchoiriu\/"},{"@type":"ListItem","position":2,"name":"Bagairt\u00ed"}]},{"@type":"WebSite","@id":"https:\/\/www.naturacommunities.ie\/ga\/#website","url":"https:\/\/www.naturacommunities.ie\/ga\/","name":"Natura Communities","description":"","publisher":{"@id":"https:\/\/www.naturacommunities.ie\/ga\/#organization"},"potentialAction":[{"@type":"SearchAction","target":{"@type":"EntryPoint","urlTemplate":"https:\/\/www.naturacommunities.ie\/ga\/?s={search_term_string}"},"query-input":{"@type":"PropertyValueSpecification","valueRequired":true,"valueName":"search_term_string"}}],"inLanguage":"ga-IE"},{"@type":"Organization","@id":"https:\/\/www.naturacommunities.ie\/ga\/#organization","name":"Natura Communities","url":"https:\/\/www.naturacommunities.ie\/ga\/","logo":{"@type":"ImageObject","inLanguage":"ga-IE","@id":"https:\/\/www.naturacommunities.ie\/ga\/#\/schema\/logo\/image\/","url":"https:\/\/www.naturacommunities.ie\/wp-content\/uploads\/2023\/10\/cropped-natura-communities-large.png","contentUrl":"https:\/\/www.naturacommunities.ie\/wp-content\/uploads\/2023\/10\/cropped-natura-communities-large.png","width":994,"height":332,"caption":"Natura Communities"},"image":{"@id":"https:\/\/www.naturacommunities.ie\/ga\/#\/schema\/logo\/image\/"},"sameAs":["https:\/\/www.facebook.com\/WildAtlanticNature\/","https:\/\/x.com\/WAN_LIFEIP"]}]}},"_links":{"self":[{"href":"https:\/\/www.naturacommunities.ie\/ga\/wp-json\/wp\/v2\/pages\/297","targetHints":{"allow":["GET"]}}],"collection":[{"href":"https:\/\/www.naturacommunities.ie\/ga\/wp-json\/wp\/v2\/pages"}],"about":[{"href":"https:\/\/www.naturacommunities.ie\/ga\/wp-json\/wp\/v2\/types\/page"}],"author":[{"embeddable":true,"href":"https:\/\/www.naturacommunities.ie\/ga\/wp-json\/wp\/v2\/users\/3"}],"replies":[{"embeddable":true,"href":"https:\/\/www.naturacommunities.ie\/ga\/wp-json\/wp\/v2\/comments?post=297"}],"version-history":[{"count":4,"href":"https:\/\/www.naturacommunities.ie\/ga\/wp-json\/wp\/v2\/pages\/297\/revisions"}],"predecessor-version":[{"id":794,"href":"https:\/\/www.naturacommunities.ie\/ga\/wp-json\/wp\/v2\/pages\/297\/revisions\/794"}],"up":[{"embeddable":true,"href":"https:\/\/www.naturacommunities.ie\/ga\/wp-json\/wp\/v2\/pages\/299"}],"wp:featuredmedia":[{"embeddable":true,"href":"https:\/\/www.naturacommunities.ie\/ga\/wp-json\/wp\/v2\/media\/501"}],"wp:attachment":[{"href":"https:\/\/www.naturacommunities.ie\/ga\/wp-json\/wp\/v2\/media?parent=297"}],"curies":[{"name":"wp","href":"https:\/\/api.w.org\/{rel}","templated":true}]}}